{"id":16657,"date":"2019-02-25T12:46:20","date_gmt":"2019-02-25T11:46:20","guid":{"rendered":"https:\/\/typisch-region-hannover.de\/?page_id=16657"},"modified":"2019-05-24T00:34:25","modified_gmt":"2019-05-23T22:34:25","slug":"typisch-burgwedel-15-vom-25-02-2019","status":"publish","type":"page","link":"https:\/\/typisch-region-hannover.de\/index.php\/burgwedel\/typisch-burgwedel-15-vom-25-02-2019\/","title":{"rendered":"Typisch Burgwedel 15 vom 25.02.2019"},"content":{"rendered":"<div class=\"fusion-title title fusion-title-size-one\" style=\"margin-bottom:10px;\"><h1 class=\"title-heading-left\">Typisch Burgwedel: Nr. 15 vom 25.02.2019<br \/>\n<\/h1><div class=\"title-sep-container\"><div class=\"title-sep sep-double sep-solid\"><\/div><\/div><\/div><p>Burgwedel auf besonderen Pfaden entdecken &#8211; das Thema zieht sich durch diese Ausgabe.<br \/>\n\u00dcber die neuen Stationen des W\u00fcrmsee- Erlebnispfades haben HAZ und NP bereits<br \/>\nmehrfach berichtet &#8211; es ist Zeit, loszuziehen und die Neuerungen zu betrachten!<br \/>\nEin anderer Pfad lockt auch zum Besuch &#8211; der Grundwassererlebnispfad.<br \/>\nWer beim Erkunden gleich unterhaltsam informiert werden m\u00f6chte, wendet sich an<br \/>\ndie beiden Burgwedeler G\u00e4stef\u00fchrerinnen, die viele Geschichten \u00fcber Natur und<br \/>\nHistorie zu erz\u00e4hlen wissen. Heide Manz und Jutta Magnus erz\u00e4hlen<br \/>\nuns, was man mit ihnen 2019 erleben kann. Lesen Sie dazu die Seiten 4 und 5.<br \/>\nEin Reisebericht \u00fcber Texas folgt auf Seite 6&#8230; Texas? Klar, der wilde<br \/>\nWilde Westen f\u00e4ngt gleich hinter Wettmar an. Hermann L\u00f6ns und die Burgwedeler W\u00e4lder<br \/>\n&#8211; er hat sie durchstreift &#8211; aber hat er hier auch Inspiration f\u00fcr Werke gefunden, zum Beispiel<br \/>\nden ber\u00fchmten Roman \u201eDer Wehrwolf\u201c? Lesen Sie die Seiten 8 bis 11.<br \/>\nDamit Sie beim n\u00e4chsten Gang durch die Natur genau wissen, was Sie in der<br \/>\nfreien Landschaft d\u00fcrfen &#8211; und was nicht, haben wir Gesetzestexte gew\u00e4lzt.<br \/>\nLesen Sie die Antwort auf die Frage: \u201eWas darf man eigentlich im Wald\u201c ab Seite 12.<br \/>\nWir hoffen Sie haben Freude an unseren Geschichten!<br \/>\nEinen sch\u00f6nen Fr\u00fchlingsauftakt w\u00fcnscht Bettina Reimann, Redaktion<\/p>\n<div class=\"fusion-one-third one_third fusion-layout-column fusion-spacing-yes\" style=\"margin-top:0px;margin-bottom:20px;\"><div class=\"fusion-column-wrapper\"><span class=\"fusion-imageframe imageframe-none imageframe-1 hover-type-zoomin\"><a class=\"fusion-no-lightbox\" href=\"https:\/\/typisch-region-hannover.de\/wp-content\/uploads\/2019\/02\/Burgwedel15-01.jpg\" target=\"_blank\"> <img src=\"https:\/\/typisch-region-hannover.de\/wp-content\/uploads\/2019\/02\/Burgwedel15-01.jpg\" alt=\"\" class=\"img-responsive\"\/><\/a><\/span><div class=\"fusion-clearfix\"><\/div><\/div><\/div><div class=\"fusion-one-third one_third fusion-layout-column fusion-spacing-yes\" style=\"margin-top:0px;margin-bottom:20px;\"><div class=\"fusion-column-wrapper\"><span class=\"fusion-imageframe imageframe-none imageframe-2 hover-type-zoomin\"><a class=\"fusion-no-lightbox\" href=\"https:\/\/typisch-region-hannover.de\/wp-content\/uploads\/2019\/02\/Burgwedel15-02.jpg\" target=\"_blank\"> <img src=\"https:\/\/typisch-region-hannover.de\/wp-content\/uploads\/2019\/02\/Burgwedel15-02.jpg\" alt=\"\" class=\"img-responsive\"\/><\/a><\/span><div class=\"fusion-clearfix\"><\/div><\/div><\/div><div class=\"fusion-one-third one_third fusion-layout-column fusion-column-last fusion-spacing-yes\" style=\"margin-top:0px;margin-bottom:20px;\"><div class=\"fusion-column-wrapper\"><span class=\"fusion-imageframe imageframe-none imageframe-3 hover-type-zoomin\"><a class=\"fusion-no-lightbox\" href=\"https:\/\/typisch-region-hannover.de\/wp-content\/uploads\/2019\/02\/Burgwedel15-03.jpg\" target=\"_blank\"> <img src=\"https:\/\/typisch-region-hannover.de\/wp-content\/uploads\/2019\/02\/Burgwedel15-03.jpg\" alt=\"\" class=\"img-responsive\"\/><\/a><\/span><div class=\"fusion-clearfix\"><\/div><\/div><\/div><div class=\"fusion-clearfix\"><\/div><div class=\"fusion-one-third one_third fusion-layout-column fusion-spacing-yes\" style=\"margin-top:0px;margin-bottom:20px;\"><div class=\"fusion-column-wrapper\"><span class=\"fusion-imageframe imageframe-none imageframe-4 hover-type-zoomin\"><a class=\"fusion-no-lightbox\" href=\"https:\/\/typisch-region-hannover.de\/wp-content\/uploads\/2019\/02\/Burgwedel15-04.jpg\" target=\"_blank\"> <img src=\"https:\/\/typisch-region-hannover.de\/wp-content\/uploads\/2019\/02\/Burgwedel15-04.jpg\" alt=\"\" class=\"img-responsive\"\/><\/a><\/span><div class=\"fusion-clearfix\"><\/div><\/div><\/div><div class=\"fusion-one-third one_third fusion-layout-column fusion-spacing-yes\" style=\"margin-top:0px;margin-bottom:20px;\"><div class=\"fusion-column-wrapper\"><span class=\"fusion-imageframe imageframe-none imageframe-5 hover-type-zoomin\"><a class=\"fusion-no-lightbox\" href=\"https:\/\/typisch-region-hannover.de\/wp-content\/uploads\/2019\/02\/Burgwedel15-05.jpg\" target=\"_blank\"> <img src=\"https:\/\/typisch-region-hannover.de\/wp-content\/uploads\/2019\/02\/Burgwedel15-05.jpg\" alt=\"\" class=\"img-responsive\"\/><\/a><\/span><div class=\"fusion-clearfix\"><\/div><\/div><\/div><div class=\"fusion-one-third one_third fusion-layout-column fusion-column-last fusion-spacing-yes\" style=\"margin-top:0px;margin-bottom:20px;\"><div class=\"fusion-column-wrapper\"><span class=\"fusion-imageframe imageframe-none imageframe-6 hover-type-zoomin\"><a class=\"fusion-no-lightbox\" href=\"https:\/\/typisch-region-hannover.de\/wp-content\/uploads\/2019\/02\/Burgwedel15-06.jpg\" target=\"_blank\"> <img src=\"https:\/\/typisch-region-hannover.de\/wp-content\/uploads\/2019\/02\/Burgwedel15-06.jpg\" alt=\"\" class=\"img-responsive\"\/><\/a><\/span><div class=\"fusion-clearfix\"><\/div><\/div><\/div><div class=\"fusion-clearfix\"><\/div><div class=\"fusion-one-third one_third fusion-layout-column fusion-spacing-yes\" style=\"margin-top:0px;margin-bottom:20px;\"><div class=\"fusion-column-wrapper\"><span class=\"fusion-imageframe imageframe-none imageframe-7 hover-type-zoomin\"><a class=\"fusion-no-lightbox\" href=\"https:\/\/typisch-region-hannover.de\/wp-content\/uploads\/2019\/02\/Burgwedel15-07.jpg\" target=\"_blank\"> <img src=\"https:\/\/typisch-region-hannover.de\/wp-content\/uploads\/2019\/02\/Burgwedel15-07.jpg\" alt=\"\" class=\"img-responsive\"\/><\/a><\/span><div class=\"fusion-clearfix\"><\/div><\/div><\/div><div class=\"fusion-one-third one_third fusion-layout-column fusion-spacing-yes\" style=\"margin-top:0px;margin-bottom:20px;\"><div class=\"fusion-column-wrapper\"><span class=\"fusion-imageframe imageframe-none imageframe-8 hover-type-zoomin\"><a class=\"fusion-no-lightbox\" href=\"https:\/\/typisch-region-hannover.de\/wp-content\/uploads\/2019\/02\/Burgwedel15-08-09.jpg\" target=\"_blank\"> <img src=\"https:\/\/typisch-region-hannover.de\/wp-content\/uploads\/2019\/02\/Burgwedel15-08-09.jpg\" alt=\"\" class=\"img-responsive\"\/><\/a><\/span><div class=\"fusion-clearfix\"><\/div><\/div><\/div><div class=\"fusion-one-third one_third fusion-layout-column fusion-column-last fusion-spacing-yes\" style=\"margin-top:0px;margin-bottom:20px;\"><div class=\"fusion-column-wrapper\"><span class=\"fusion-imageframe imageframe-none imageframe-9 hover-type-zoomin\"><a class=\"fusion-no-lightbox\" href=\"https:\/\/typisch-region-hannover.de\/wp-content\/uploads\/2019\/02\/Burgwedel15-10.jpg\" target=\"_blank\"> <img src=\"https:\/\/typisch-region-hannover.de\/wp-content\/uploads\/2019\/02\/Burgwedel15-10.jpg\" alt=\"\" class=\"img-responsive\"\/><\/a><\/span><div class=\"fusion-clearfix\"><\/div><\/div><\/div><div class=\"fusion-clearfix\"><\/div><div class=\"fusion-one-third one_third fusion-layout-column fusion-spacing-yes\" style=\"margin-top:0px;margin-bottom:20px;\"><div class=\"fusion-column-wrapper\"><span class=\"fusion-imageframe imageframe-none imageframe-10 hover-type-zoomin\"><a class=\"fusion-no-lightbox\" href=\"https:\/\/typisch-region-hannover.de\/wp-content\/uploads\/2019\/02\/Burgwedel15-11.jpg\" target=\"_blank\"> <img src=\"https:\/\/typisch-region-hannover.de\/wp-content\/uploads\/2019\/02\/Burgwedel15-11.jpg\" alt=\"\" class=\"img-responsive\"\/><\/a><\/span><div class=\"fusion-clearfix\"><\/div><\/div><\/div><div class=\"fusion-one-third one_third fusion-layout-column fusion-spacing-yes\" style=\"margin-top:0px;margin-bottom:20px;\"><div class=\"fusion-column-wrapper\"><span class=\"fusion-imageframe imageframe-none imageframe-11 hover-type-zoomin\"><a class=\"fusion-no-lightbox\" href=\"https:\/\/typisch-region-hannover.de\/wp-content\/uploads\/2019\/02\/Burgwedel15-12.jpg\" target=\"_blank\"> <img src=\"https:\/\/typisch-region-hannover.de\/wp-content\/uploads\/2019\/02\/Burgwedel15-12.jpg\" alt=\"\" class=\"img-responsive\"\/><\/a><\/span><div class=\"fusion-clearfix\"><\/div><\/div><\/div><div class=\"fusion-one-third one_third fusion-layout-column fusion-column-last fusion-spacing-yes\" style=\"margin-top:0px;margin-bottom:20px;\"><div class=\"fusion-column-wrapper\"><span class=\"fusion-imageframe imageframe-none imageframe-12 hover-type-zoomin\"><a class=\"fusion-no-lightbox\" href=\"https:\/\/typisch-region-hannover.de\/wp-content\/uploads\/2019\/02\/Burgwedel15-13.jpg\" target=\"_blank\"> <img src=\"https:\/\/typisch-region-hannover.de\/wp-content\/uploads\/2019\/02\/Burgwedel15-13.jpg\" alt=\"\" class=\"img-responsive\"\/><\/a><\/span><div class=\"fusion-clearfix\"><\/div><\/div><\/div><div class=\"fusion-clearfix\"><\/div><div class=\"fusion-one-third one_third fusion-layout-column fusion-spacing-yes\" style=\"margin-top:0px;margin-bottom:20px;\"><div class=\"fusion-column-wrapper\"><span class=\"fusion-imageframe imageframe-none imageframe-13 hover-type-zoomin\"><a class=\"fusion-no-lightbox\" href=\"https:\/\/typisch-region-hannover.de\/wp-content\/uploads\/2019\/02\/Burgwedel15-14.jpg\" target=\"_blank\"> <img src=\"https:\/\/typisch-region-hannover.de\/wp-content\/uploads\/2019\/02\/Burgwedel15-14.jpg\" alt=\"\" class=\"img-responsive\"\/><\/a><\/span><div class=\"fusion-clearfix\"><\/div><\/div><\/div><div class=\"fusion-one-third one_third fusion-layout-column fusion-spacing-yes\" style=\"margin-top:0px;margin-bottom:20px;\"><div class=\"fusion-column-wrapper\"><span class=\"fusion-imageframe imageframe-none imageframe-14 hover-type-zoomin\"><a class=\"fusion-no-lightbox\" href=\"https:\/\/typisch-region-hannover.de\/wp-content\/uploads\/2019\/02\/Burgwedel15-15.pdf\" target=\"_blank\"> <img src=\"https:\/\/typisch-region-hannover.de\/wp-content\/uploads\/2019\/02\/Burgwedel15-15.jpg\" alt=\"\" class=\"img-responsive\"\/><\/a><\/span><div class=\"fusion-clearfix\"><\/div><\/div><\/div><div class=\"fusion-one-third one_third fusion-layout-column fusion-column-last fusion-spacing-yes\" style=\"margin-top:0px;margin-bottom:20px;\"><div class=\"fusion-column-wrapper\"><span class=\"fusion-imageframe imageframe-none imageframe-15 hover-type-zoomin\"><a class=\"fusion-no-lightbox\" href=\"https:\/\/typisch-region-hannover.de\/wp-content\/uploads\/2019\/02\/Burgwedel15-16.jpg\" target=\"_blank\"> <img src=\"https:\/\/typisch-region-hannover.de\/wp-content\/uploads\/2019\/02\/Burgwedel15-16.jpg\" alt=\"\" class=\"img-responsive\"\/><\/a><\/span><div class=\"fusion-clearfix\"><\/div><\/div><\/div><div class=\"fusion-clearfix\"><\/div>\n","protected":false},"excerpt":{"rendered":"","protected":false},"author":5,"featured_media":0,"parent":11433,"menu_order":0,"comment_status":"closed","ping_status":"closed","template":"","meta":[],"yoast_head":"<!-- This site is optimized with the Yoast SEO plugin v19.10 - https:\/\/yoast.com\/wordpress\/plugins\/seo\/ -->\n<title>Typisch Burgwedel 15 vom 25.02.2019 - Typisch Region Hannover<\/title>\n<meta name=\"robots\" content=\"index, follow, max-snippet:-1, max-image-preview:large, max-video-preview:-1\" \/>\n<link rel=\"canonical\" href=\"https:\/\/typisch-region-hannover.de\/index.php\/burgwedel\/typisch-burgwedel-15-vom-25-02-2019\/\" \/>\n<meta property=\"og:locale\" content=\"de_DE\" \/>\n<meta property=\"og:type\" content=\"article\" \/>\n<meta property=\"og:title\" content=\"Typisch Burgwedel 15 vom 25.02.2019 - Typisch Region Hannover\" \/>\n<meta property=\"og:url\" content=\"https:\/\/typisch-region-hannover.de\/index.php\/burgwedel\/typisch-burgwedel-15-vom-25-02-2019\/\" \/>\n<meta property=\"og:site_name\" content=\"Typisch Region Hannover\" \/>\n<meta property=\"article:publisher\" content=\"https:\/\/www.facebook.com\/typischregionhannover\/\" \/>\n<meta property=\"article:modified_time\" content=\"2019-05-23T22:34:25+00:00\" \/>\n<meta property=\"og:image\" content=\"https:\/\/typisch-region-hannover.de\/wp-content\/uploads\/2019\/02\/Burgwedel15-01.jpg\" \/>\n<meta name=\"twitter:card\" content=\"summary_large_image\" \/>\n<meta name=\"twitter:label1\" content=\"Gesch\u00e4tzte Lesezeit\" \/>\n\t<meta name=\"twitter:data1\" content=\"8\u00a0Minuten\" \/>\n<script type=\"application\/ld+json\" class=\"yoast-schema-graph\">{\"@context\":\"https:\/\/schema.org\",\"@graph\":[{\"@type\":\"WebPage\",\"@id\":\"https:\/\/typisch-region-hannover.de\/index.php\/burgwedel\/typisch-burgwedel-15-vom-25-02-2019\/\",\"url\":\"https:\/\/typisch-region-hannover.de\/index.php\/burgwedel\/typisch-burgwedel-15-vom-25-02-2019\/\",\"name\":\"Typisch Burgwedel 15 vom 25.02.2019 - Typisch Region Hannover\",\"isPartOf\":{\"@id\":\"https:\/\/typisch-region-hannover.de\/#website\"},\"datePublished\":\"2019-02-25T11:46:20+00:00\",\"dateModified\":\"2019-05-23T22:34:25+00:00\",\"breadcrumb\":{\"@id\":\"https:\/\/typisch-region-hannover.de\/index.php\/burgwedel\/typisch-burgwedel-15-vom-25-02-2019\/#breadcrumb\"},\"inLanguage\":\"de\",\"potentialAction\":[{\"@type\":\"ReadAction\",\"target\":[\"https:\/\/typisch-region-hannover.de\/index.php\/burgwedel\/typisch-burgwedel-15-vom-25-02-2019\/\"]}]},{\"@type\":\"BreadcrumbList\",\"@id\":\"https:\/\/typisch-region-hannover.de\/index.php\/burgwedel\/typisch-burgwedel-15-vom-25-02-2019\/#breadcrumb\",\"itemListElement\":[{\"@type\":\"ListItem\",\"position\":1,\"name\":\"Home\",\"item\":\"https:\/\/typisch-region-hannover.de\/\"},{\"@type\":\"ListItem\",\"position\":2,\"name\":\"Burgwedel\",\"item\":\"https:\/\/typisch-region-hannover.de\/index.php\/burgwedel\/\"},{\"@type\":\"ListItem\",\"position\":3,\"name\":\"Typisch Burgwedel 15 vom 25.02.2019\"}]},{\"@type\":\"WebSite\",\"@id\":\"https:\/\/typisch-region-hannover.de\/#website\",\"url\":\"https:\/\/typisch-region-hannover.de\/\",\"name\":\"Typisch Region Hannover\",\"description\":\"Wissenswertes aus unserer Region\",\"potentialAction\":[{\"@type\":\"SearchAction\",\"target\":{\"@type\":\"EntryPoint\",\"urlTemplate\":\"https:\/\/typisch-region-hannover.de\/?s={search_term_string}\"},\"query-input\":\"required name=search_term_string\"}],\"inLanguage\":\"de\"}]}<\/script>\n<!-- \/ Yoast SEO plugin. -->","yoast_head_json":{"title":"Typisch Burgwedel 15 vom 25.02.2019 - Typisch Region Hannover","robots":{"index":"index","follow":"follow","max-snippet":"max-snippet:-1","max-image-preview":"max-image-preview:large","max-video-preview":"max-video-preview:-1"},"canonical":"https:\/\/typisch-region-hannover.de\/index.php\/burgwedel\/typisch-burgwedel-15-vom-25-02-2019\/","og_locale":"de_DE","og_type":"article","og_title":"Typisch Burgwedel 15 vom 25.02.2019 - Typisch Region Hannover","og_url":"https:\/\/typisch-region-hannover.de\/index.php\/burgwedel\/typisch-burgwedel-15-vom-25-02-2019\/","og_site_name":"Typisch Region Hannover","article_publisher":"https:\/\/www.facebook.com\/typischregionhannover\/","article_modified_time":"2019-05-23T22:34:25+00:00","og_image":[{"url":"https:\/\/typisch-region-hannover.de\/wp-content\/uploads\/2019\/02\/Burgwedel15-01.jpg"}],"twitter_card":"summary_large_image","twitter_misc":{"Gesch\u00e4tzte Lesezeit":"8\u00a0Minuten"},"schema":{"@context":"https:\/\/schema.org","@graph":[{"@type":"WebPage","@id":"https:\/\/typisch-region-hannover.de\/index.php\/burgwedel\/typisch-burgwedel-15-vom-25-02-2019\/","url":"https:\/\/typisch-region-hannover.de\/index.php\/burgwedel\/typisch-burgwedel-15-vom-25-02-2019\/","name":"Typisch Burgwedel 15 vom 25.02.2019 - Typisch Region Hannover","isPartOf":{"@id":"https:\/\/typisch-region-hannover.de\/#website"},"datePublished":"2019-02-25T11:46:20+00:00","dateModified":"2019-05-23T22:34:25+00:00","breadcrumb":{"@id":"https:\/\/typisch-region-hannover.de\/index.php\/burgwedel\/typisch-burgwedel-15-vom-25-02-2019\/#breadcrumb"},"inLanguage":"de","potentialAction":[{"@type":"ReadAction","target":["https:\/\/typisch-region-hannover.de\/index.php\/burgwedel\/typisch-burgwedel-15-vom-25-02-2019\/"]}]},{"@type":"BreadcrumbList","@id":"https:\/\/typisch-region-hannover.de\/index.php\/burgwedel\/typisch-burgwedel-15-vom-25-02-2019\/#breadcrumb","itemListElement":[{"@type":"ListItem","position":1,"name":"Home","item":"https:\/\/typisch-region-hannover.de\/"},{"@type":"ListItem","position":2,"name":"Burgwedel","item":"https:\/\/typisch-region-hannover.de\/index.php\/burgwedel\/"},{"@type":"ListItem","position":3,"name":"Typisch Burgwedel 15 vom 25.02.2019"}]},{"@type":"WebSite","@id":"https:\/\/typisch-region-hannover.de\/#website","url":"https:\/\/typisch-region-hannover.de\/","name":"Typisch Region Hannover","description":"Wissenswertes aus unserer Region","potentialAction":[{"@type":"SearchAction","target":{"@type":"EntryPoint","urlTemplate":"https:\/\/typisch-region-hannover.de\/?s={search_term_string}"},"query-input":"required name=search_term_string"}],"inLanguage":"de"}]}},"_links":{"self":[{"href":"https:\/\/typisch-region-hannover.de\/index.php\/wp-json\/wp\/v2\/pages\/16657"}],"collection":[{"href":"https:\/\/typisch-region-hannover.de\/index.php\/wp-json\/wp\/v2\/pages"}],"about":[{"href":"https:\/\/typisch-region-hannover.de\/index.php\/wp-json\/wp\/v2\/types\/page"}],"author":[{"embeddable":true,"href":"https:\/\/typisch-region-hannover.de\/index.php\/wp-json\/wp\/v2\/users\/5"}],"replies":[{"embeddable":true,"href":"https:\/\/typisch-region-hannover.de\/index.php\/wp-json\/wp\/v2\/comments?post=16657"}],"version-history":[{"count":0,"href":"https:\/\/typisch-region-hannover.de\/index.php\/wp-json\/wp\/v2\/pages\/16657\/revisions"}],"up":[{"embeddable":true,"href":"https:\/\/typisch-region-hannover.de\/index.php\/wp-json\/wp\/v2\/pages\/11433"}],"wp:attachment":[{"href":"https:\/\/typisch-region-hannover.de\/index.php\/wp-json\/wp\/v2\/media?parent=16657"}],"curies":[{"name":"wp","href":"https:\/\/api.w.org\/{rel}","templated":true}]}}