{"id":11459,"date":"2016-01-05T04:05:09","date_gmt":"2016-01-05T03:05:09","guid":{"rendered":"https:\/\/typisch-region-hannover.de\/?page_id=11459"},"modified":"2026-03-27T12:11:54","modified_gmt":"2026-03-27T11:11:54","slug":"home","status":"publish","type":"page","link":"https:\/\/typisch-region-hannover.de\/","title":{"rendered":"Home"},"content":{"rendered":"<div class=\"fusion-one-third one_third fusion-layout-column fusion-spacing-yes\" style=\"margin-top:0px;margin-bottom:20px;\"><div class=\"fusion-column-wrapper\"><span class=\"fusion-imageframe imageframe-none imageframe-1 hover-type-zoomin\"><a class=\"fusion-no-lightbox\" href=\"https:\/\/typisch-region-hannover.de\/index.php\/langenhagen\/lesenswertes-langenhagen-27-03-2026\/\" target=\"_blank\"> <img src=\"https:\/\/typisch-region-hannover.de\/wp-content\/uploads\/2026\/03\/Langenhagen20260327-01.jpg\" alt=\"Lesenswertes Langenhagen\" class=\"img-responsive\"\/><\/a><\/span><div class=\"fusion-sep-clear\"><\/div><div class=\"fusion-separator fusion-full-width-sep sep-none\" style=\"border-color:#e0dede;margin-left: auto;margin-right: auto;margin-top:10px;\"><\/div><h2><a href=\"https:\/\/typisch-region-hannover.de\/index.php\/langenhagen\/lesenswertes-langenhagen-27-03-2026\/\">LESENSWERTES LANGENHAGEN<\/a><\/h2>\n<div>Das Magazin aus Langenhagen vom<a href=\"https:\/\/typisch-region-hannover.de\/index.php\/langenhagen\/lesenswertes-langenhagen-27-03-2026\/\"> 27. M\u00e4rz 2026<\/a><\/div>\n<div class=\"fusion-clearfix\"><\/div><\/div><\/div>\n<div class=\"fusion-one-third one_third fusion-layout-column fusion-spacing-yes\" style=\"margin-top:0px;margin-bottom:20px;\"><div class=\"fusion-column-wrapper\"><span class=\"fusion-imageframe imageframe-none imageframe-2 hover-type-zoomin\"><a class=\"fusion-no-lightbox\" href=\"https:\/\/typisch-region-hannover.de\/index.php\/andere-kommunen\/burgdorf-1\/\" target=\"_blank\"> <img src=\"https:\/\/typisch-region-hannover.de\/wp-content\/uploads\/2026\/03\/Burgdorf3-01-e1772885718664.jpg\" alt=\"Mensch! Burgdorf\" class=\"img-responsive\"\/><\/a><\/span><div class=\"fusion-sep-clear\"><\/div><div class=\"fusion-separator fusion-full-width-sep sep-none\" style=\"border-color:#e0dede;margin-left: auto;margin-right: auto;margin-top:10px;\"><\/div><h2><a href=\"https:\/\/typisch-region-hannover.de\/index.php\/andere-kommunen\/burgdorf-1\/\">MENSCH! BURGDORF<\/a><\/h2>\n<div>Das Magazin aus Burgdorf vom<a href=\"https:\/\/typisch-region-hannover.de\/index.php\/andere-kommunen\/burgdorf-1\/\"> 7. M\u00e4rz 2026<\/a><\/div>\n<div class=\"fusion-clearfix\"><\/div><\/div><\/div>\n<div class=\"fusion-one-third one_third fusion-layout-column fusion-column-last fusion-spacing-yes\" style=\"margin-top:0px;margin-bottom:20px;\"><div class=\"fusion-column-wrapper\"><span class=\"fusion-imageframe imageframe-none imageframe-3 hover-type-zoomin\"><a class=\"fusion-no-lightbox\" href=\"https:\/\/typisch-region-hannover.de\/index.php\/wedemark-2\/typisch-wedemark-nr-43-vom-28-02-2026\/\" target=\"_blank\"> <img src=\"https:\/\/typisch-region-hannover.de\/wp-content\/uploads\/2026\/02\/Wedemark43-01a.jpg\" alt=\"Typisch Wedemark\" class=\"img-responsive\"\/><\/a><\/span><div class=\"fusion-sep-clear\"><\/div><div class=\"fusion-separator fusion-full-width-sep sep-none\" style=\"border-color:#e0dede;margin-left: auto;margin-right: auto;margin-top:10px;\"><\/div><h2><a href=\"https:\/\/typisch-region-hannover.de\/index.php\/wedemark-2\/typisch-wedemark-nr-43-vom-28-02-2026\/\">TYPISCH WEDEMARK<\/a><\/h2>\n<div>Das Magazin vom<a href=\"https:\/\/typisch-region-hannover.de\/index.php\/wedemark-2\/typisch-wedemark-nr-43-vom-28-02-2026\/\"> 28. Februar 2026<\/a><\/div>\n<div class=\"fusion-clearfix\"><\/div><\/div><\/div><div class=\"fusion-clearfix\"><\/div>\n<div class=\"fusion-sep-clear\"><\/div><div class=\"fusion-separator fusion-full-width-sep sep-none\" style=\"border-color:#e0dede;margin-left: auto;margin-right: auto;margin-top:25px;\"><\/div><div class=\"fusion-two-fifth fusion-layout-column fusion-spacing-yes\" style=\"margin-top:0px;margin-bottom:20px;\"><div class=\"fusion-column-wrapper\" style=\"background-color:#a4d680;\"><div class=\"fusion-flip-boxes flip-boxes row fusion-columns-1\"><div class=\"fusion-flip-box-wrapper fusion-column col-lg-12 col-md-12 col-sm-12\"><div class=\"fusion-flip-box\"><div class=\"flip-box-inner-wrapper\"><div class=\"flip-box-front\" style=\"background-color:#d9f9c2;border-color:#6bd620;border-radius:4px;border-style:solid;border-width:0px;color:#161616;\"><div class=\"flip-box-front-inner\"><div class=\"flip-box-grafix flip-box-circle\" style=\"background-color:#ffffff;border-color:#ffffff;\"><i class=\"fa fa-question fa-rotate-180 fa-spin\" style=\"color:#3e6810;\"><\/i><\/div><h2 class=\"flip-box-heading\" style=\"color:#497a04;\">Wann gibt es...<\/h2>ein Typisch-Magazin f\u00fcr meine Heimatkommune?<\/div><\/div><div class=\"flip-box-back\" style=\"background-color:#d9f9c2;border-color:#6bd620;border-radius:4px;border-style:solid;border-width:0px;color:#4b8c05;\"><div class=\"flip-box-back-inner\"><h3 class=\"flip-box-heading-back\" style=\"color:#4b8c05;\">Die Typisch-Reihe w\u00e4chst...<\/h3>\n<p>&#8230;mit der Zeit in immer mehr Kommunen und hannoversche Stadtteile hinein. Wenn der n\u00e4chste Erscheinungstermin an Ihrem Wohnort bevorsteht, erfahren Sie es auf dieser Website.<\/p>\n<p>Lesenswertes Langenhagen erscheint am 27. M\u00e4rz 2026<\/p>\n<\/div><\/div><\/div><\/div><\/div><\/div><div class=\"fusion-clearfix\"><\/div><div class=\"fusion-clearfix\"><\/div><\/div><\/div><div class=\"fusion-three-fifth fusion-layout-column fusion-column-last fusion-spacing-yes\" style=\"margin-top:0px;margin-bottom:20px;\"><div class=\"fusion-column-wrapper\"><div class=\"fusion-title title fusion-title-size-two\"><h2 class=\"title-heading-left\">UNSERE MAGAZINE&#8230;<\/h2><div class=\"title-sep-container\"><div class=\"title-sep sep-double\"><\/div><\/div><\/div><ul class=\"fusion-checklist fusion-checklist-1\" style=\"font-size:13px;line-height:22.1px;\"><li class=\"fusion-li-item\"><span style=\"background-color:#a0ce4e;font-size:11.44px;height:22.1px;width:22.1px;margin-right:9.1px;\" class=\"icon-wrapper circle-yes\"><i class=\"fusion-li-icon fa fa-leaf\" style=\"color:#ffffff;\"><\/i><\/span><div class=\"fusion-li-item-content\" style=\"margin-left:31.2px;\">&#8230;erhalten die Abonnenten von HAZ und NP in den jeweiligen Kommunen kostenlos mit ihrer Tageszeitung.<\/div><\/li><li class=\"fusion-li-item\"><span style=\"background-color:#a0ce4e;font-size:11.44px;height:22.1px;width:22.1px;margin-right:9.1px;\" class=\"icon-wrapper circle-yes\"><i class=\"fusion-li-icon fa fa-leaf\" style=\"color:#ffffff;\"><\/i><\/span><div class=\"fusion-li-item-content\" style=\"margin-left:31.2px;\">\n<p>&#8230;sind, solange der Vorrat reicht, in den Gesch\u00e4ftsstellen von HAZ und NP kostenlos erh\u00e4ltlich.<br \/>\n&#8230;Auf den kommunalen Unterseiten dieses Webportals erfahren Sie die Adressen.<\/p>\n<\/div><\/li><li class=\"fusion-li-item\"><span style=\"background-color:#a0ce4e;font-size:11.44px;height:22.1px;width:22.1px;margin-right:9.1px;\" class=\"icon-wrapper circle-yes\"><i class=\"fusion-li-icon fa fa-leaf\" style=\"color:#ffffff;\"><\/i><\/span><div class=\"fusion-li-item-content\" style=\"margin-left:31.2px;\">&#8230;sind, direkt nach dem Erscheinungstermin, hier zur Ansicht verf\u00fcgbar.<\/div><\/li><li class=\"fusion-li-item\"><span style=\"background-color:#a0ce4e;font-size:11.44px;height:22.1px;width:22.1px;margin-right:9.1px;\" class=\"icon-wrapper circle-yes\"><i class=\"fusion-li-icon fa fa-leaf\" style=\"color:#ffffff;\"><\/i><\/span><div class=\"fusion-li-item-content\" style=\"margin-left:31.2px;\">\n<p>&#8230;bieten auch Inserenten optimale M\u00f6glichkeiten, sich in einem hochwertigen Umfeld zu pr\u00e4sentieren.<br \/>\n&#8230;Sprechen Sie die lokalen Mediaberater\/innen Ihrer Tageszeitung an!<\/p>\n<\/div><\/li><\/ul><div class=\"fusion-clearfix\"><\/div><\/div><\/div><div class=\"fusion-clearfix\"><\/div>\n<div class=\"fusion-one-third one_third fusion-layout-column fusion-spacing-yes\" style=\"margin-top:0px;margin-bottom:20px;\"><div class=\"fusion-column-wrapper\"><span class=\"fusion-imageframe imageframe-none imageframe-4 hover-type-zoomin\"><a class=\"fusion-no-lightbox\" href=\"https:\/\/typisch-region-hannover.de\/wp-content\/uploads\/2025\/10\/Leinezeit6.pdf\" target=\"_blank\"> <img src=\"https:\/\/typisch-region-hannover.de\/wp-content\/uploads\/2025\/10\/Leinezeit6-01a.jpg\"alt=\"LeineZeit\" class=\"img-responsive\"\/><\/a><\/span><div class=\"fusion-sep-clear\"><\/div><div class=\"fusion-separator fusion-full-width-sep sep-none\" style=\"border-color:#e0dede;margin-left: auto;margin-right: auto;margin-top:10px;\"><\/div><h2><a href=\"https:\/\/typisch-region-hannover.de\/wp-content\/uploads\/2025\/10\/Leinezeit6.pdf\">LEINE ZEIT<\/a><\/h2>\n<p>Ausgabe Nr. 6 f\u00fcr Hemmingen, Laatzen, Pattensen vom 11. Oktober 2025 als <a href=\"https:\/\/typisch-region-hannover.de\/wp-content\/uploads\/2025\/10\/Leinezeit6.pdf\">pdf<\/a><\/p>\n<div class=\"fusion-clearfix\"><\/div><\/div><\/div>\n<div class=\"fusion-one-third one_third fusion-layout-column fusion-spacing-yes\" style=\"margin-top:0px;margin-bottom:20px;\"><div class=\"fusion-column-wrapper\"><span class=\"fusion-imageframe imageframe-none imageframe-5 hover-type-zoomin\"><a class=\"fusion-no-lightbox\" href=\"https:\/\/typisch-region-hannover.de\/index.php\/burgwedel\/burgwedel-bewegt-27-09-2025\/\" target=\"_blank\"> <img src=\"https:\/\/typisch-region-hannover.de\/wp-content\/uploads\/2025\/09\/Burgwedel2a.jpg\" alt=\"Burgwedel bewegt!\" class=\"img-responsive\"\/><\/a><\/span><div class=\"fusion-sep-clear\"><\/div><div class=\"fusion-separator fusion-full-width-sep sep-none\" style=\"border-color:#e0dede;margin-left: auto;margin-right: auto;margin-top:10px;\"><\/div><h2><a href=\"https:\/\/typisch-region-hannover.de\/index.php\/burgwedel\/burgwedel-bewegt-27-09-2025\/\">BURGWEDEL bewegt!<\/a><\/h2>\n<p>Das Magazin aus Burgwedel vom <a href=\"https:\/\/typisch-region-hannover.de\/index.php\/burgwedel\/burgwedel-bewegt-27-09-2025\/\">27. September 2025<\/a><\/div>\n<div class=\"fusion-clearfix\"><\/div><\/div><\/div>\n<div class=\"fusion-one-third one_third fusion-layout-column fusion-column-last fusion-spacing-yes\" style=\"margin-top:0px;margin-bottom:20px;\"><div class=\"fusion-column-wrapper\"><span class=\"fusion-imageframe imageframe-none imageframe-6 hover-type-zoomin\"><a class=\"fusion-no-lightbox\" href=\"https:\/\/typisch-region-hannover.de\/index.php\/isernhagen\/isernhagen-inspiriert-20-09-2025\/\" target=\"_blank\"> <img src=\"https:\/\/typisch-region-hannover.de\/wp-content\/uploads\/2025\/09\/Isernhagen2-01a.jpg\" alt=\"Isernhagen inspiriert\" class=\"img-responsive\"\/><\/a><\/span><div class=\"fusion-sep-clear\"><\/div><div class=\"fusion-separator fusion-full-width-sep sep-none\" style=\"border-color:#e0dede;margin-left: auto;margin-right: auto;margin-top:10px;\"><\/div><h2><a href=\"https:\/\/typisch-region-hannover.de\/index.php\/isernhagen\/isernhagen-inspiriert-20-09-2025\/\">ISERNHAGEN inspiriert!<\/a><\/h2>\n<div>Das Magazin aus Isernhagen vom<a href=\"https:\/\/typisch-region-hannover.de\/index.php\/isernhagen\/isernhagen-inspiriert-20-09-2025\/\"> 20. September 2025<\/a><\/div>\n<div class=\"fusion-clearfix\"><\/div><\/div><\/div><div class=\"fusion-clearfix\"><\/div>\n<div class=\"fusion-one-third one_third fusion-layout-column fusion-spacing-yes\" style=\"margin-top:0px;margin-bottom:20px;\"><div class=\"fusion-column-wrapper\"><span style=\"margin-right:25px;float:left;\" class=\"fusion-imageframe imageframe-none imageframe-7 hover-type-none\"><a href=\"https:\/\/typisch-region-hannover.de\/wp-content\/uploads\/2024\/03\/Neustadt10-01a.jpg\" class=\"fusion-lightbox\" data-rel=\"iLightbox[69f49632a08b7]\" data-title=\"Neustadt10-01a\"> <img src=\"https:\/\/typisch-region-hannover.de\/wp-content\/uploads\/2024\/03\/Neustadt10-01a.jpg\" alt=\"Typisch Langenhagen\" class=\"img-responsive\"\/><\/a><\/span><div class=\"fusion-sep-clear\"><\/div><div class=\"fusion-separator fusion-full-width-sep sep-none\" style=\"border-color:#e0dede;margin-left: auto;margin-right: auto;margin-top:10px;\"><\/div><h2><a href=\"https:\/\/typisch-region-hannover.de\/index.php\/neustadt\/typisch-neustadt-nr-10-vom-30-03-2024\/\">TYPISCH NEUSTADT<\/a><\/h2>\n<div>Das Magazin aus Neustadt vom<a href=\"https:\/\/typisch-region-hannover.de\/index.php\/neustadt\/typisch-neustadt-nr-10-vom-30-03-2024\/\"> 30. M\u00e4rz 2024<\/a><\/div>\n<div class=\"fusion-clearfix\"><\/div><\/div><\/div>\n<div class=\"fusion-one-third one_third fusion-layout-column fusion-spacing-yes\" style=\"margin-top:0px;margin-bottom:20px;\"><div class=\"fusion-column-wrapper\"><span style=\"margin-right:25px;float:left;\" class=\"fusion-imageframe imageframe-none imageframe-8 hover-type-none\"><a href=\"https:\/\/typisch-region-hannover.de\/wp-content\/uploads\/2023\/07\/ListerErfolge0201a.jpg\" class=\"fusion-lightbox\" data-rel=\"iLightbox[69f49632a0c34]\" data-title=\"ListerErfolge0201a\"> <img src=\"https:\/\/typisch-region-hannover.de\/wp-content\/uploads\/2023\/07\/ListerErfolge0201a.jpg\" alt=\"Sliders\" class=\"img-responsive\"\/><\/a><\/span><div class=\"fusion-sep-clear\"><\/div><div class=\"fusion-separator fusion-full-width-sep sep-none\" style=\"border-color:#e0dede;margin-left: auto;margin-right: auto;margin-top:10px;\"><\/div><h2><a href=\"https:\/\/typisch-region-hannover.de\/index.php\/list\/lister-erfolgs-geschichten-vom-07-07-2023\/\">LISTER ERFOLGSgeschichten<\/a><\/h2>\n<div>Das Magazin f\u00fcr den Stadtteil vom <a href=\"https:\/\/typisch-region-hannover.de\/index.php\/list\/lister-erfolgs-geschichten-vom-07-07-2023\/\">7. juli 2023<\/a><\/div>\n<div class=\"fusion-clearfix\"><\/div><\/div><\/div>\n<div class=\"fusion-one-third one_third fusion-layout-column fusion-column-last fusion-spacing-yes\" style=\"margin-top:0px;margin-bottom:20px;\"><div class=\"fusion-column-wrapper\"><span style=\"margin-right:25px;float:left;\" class=\"fusion-imageframe imageframe-none imageframe-9 hover-type-none\"><a href=\"https:\/\/typisch-region-hannover.de\/wp-content\/uploads\/2022\/06\/Pattensen02-01a.jpg\" class=\"fusion-lightbox\" data-rel=\"iLightbox[69f49632a0fc9]\" data-title=\"Seite01\"> <img src=\"https:\/\/typisch-region-hannover.de\/wp-content\/uploads\/2022\/06\/Pattensen02-01a.jpg\" alt=\"Pattensen\" class=\"img-responsive\"\/><\/a><\/span><div class=\"fusion-sep-clear\"><\/div><div class=\"fusion-separator fusion-full-width-sep sep-none\" style=\"border-color:#e0dede;margin-left: auto;margin-right: auto;margin-top:10px;\"><\/div><h2><a href=\"https:\/\/typisch-region-hannover.de\/index.php\/typisch-pattensen-2-vom-11-06-2022\/\">TYPISCH PATTENSEN<\/a><\/h2>\n<p>Das Magazin aus Pattensen finden Sie <a href=\"https:\/\/typisch-region-hannover.de\/index.php\/typisch-pattensen-2-vom-11-06-2022\/\" target=\"_blank\" rel=\"noopener noreferrer\">hier<\/a><\/p>\n<div class=\"fusion-clearfix\"><\/div><\/div><\/div><div class=\"fusion-clearfix\"><\/div>\n<div class=\"fusion-one-third one_third fusion-layout-column fusion-spacing-yes\" style=\"margin-top:0px;margin-bottom:20px;\"><div class=\"fusion-column-wrapper\"><div class=\"imageframe-align-center\"><span class=\"fusion-imageframe imageframe-none imageframe-10 hover-type-none\"><a href=\"https:\/\/typisch-region-hannover.de\/wp-content\/uploads\/2018\/10\/garbsen-regenbogenth.jpg\" class=\"fusion-lightbox\" data-rel=\"iLightbox[69f49632a133b]\" data-title=\"garbsen-regenbogenth\"> <img src=\"https:\/\/typisch-region-hannover.de\/wp-content\/uploads\/2018\/10\/garbsen-regenbogenth.jpg\" alt=\"Regenbogen Garbsen\" class=\"img-responsive\"\/><\/a><\/span><\/div><div class=\"fusion-sep-clear\"><\/div><div class=\"fusion-separator fusion-full-width-sep sep-none\" style=\"border-color:#e0dede;margin-left: auto;margin-right: auto;margin-top:18px;\"><\/div><h2><a href=\"https:\/\/typisch-region-hannover.de\/index.php\/garbsen\/typisch-garbsen-nr-13-vom-31-03-2022\/\">TYPISCH GARBSEN<\/a><\/h2>\n<div>Das Magazin aus Garbsen finden Sie <a href=\"https:\/\/typisch-region-hannover.de\/index.php\/garbsen\/typisch-garbsen-nr-13-vom-31-03-2022\/\">hier<\/a><\/div>\n<div class=\"fusion-clearfix\"><\/div><\/div><\/div>\n<div class=\"fusion-one-third one_third fusion-layout-column fusion-spacing-yes\" style=\"margin-top:0px;margin-bottom:20px;\"><div class=\"fusion-column-wrapper\"><div class=\"imageframe-align-center\"><span class=\"fusion-imageframe imageframe-none imageframe-11 hover-type-none\"><a href=\"https:\/\/typisch-region-hannover.de\/wp-content\/uploads\/2016\/01\/SonneuntergangKanal3b.jpg\" class=\"fusion-lightbox\" data-rel=\"iLightbox[69f49632a16bf]\" data-caption=\"Am Mittellandkanal in Seelze\" data-title=\"SonneuntergangKanal3b\"> <img src=\"https:\/\/typisch-region-hannover.de\/wp-content\/uploads\/2016\/01\/SonneuntergangKanal3b.jpg\" alt=\"Malerischer Mittellandkanal bei Seelze\" class=\"img-responsive\"\/><\/a><\/span><\/div><div class=\"fusion-sep-clear\"><\/div><div class=\"fusion-separator fusion-full-width-sep sep-none\" style=\"border-color:#e0dede;margin-left: auto;margin-right: auto;margin-top:18px;\"><\/div><h2><a href=\"https:\/\/typisch-region-hannover.de\/index.php\/typisch-seelze\/typisch-seelze-nr-7-vom-26-06-2020\/\">TYPISCH SEELZE<\/a><\/h2>\n<div>Das Magazin aus Seelze finden Sie<a href=\"https:\/\/typisch-region-hannover.de\/index.php\/typisch-seelze\/typisch-seelze-nr-7-vom-26-06-2020\/\"> hier.<\/a><\/div>\n<div class=\"fusion-clearfix\"><\/div><\/div><\/div>\n<div class=\"fusion-one-third one_third fusion-layout-column fusion-column-last fusion-spacing-yes\" style=\"margin-top:0px;margin-bottom:20px;\"><div class=\"fusion-column-wrapper\"><div class=\"imageframe-align-center\"><span class=\"fusion-imageframe imageframe-none imageframe-12 hover-type-none\"><a href=\"https:\/\/typisch-region-hannover.de\/wp-content\/uploads\/2016\/01\/WunstorfGalerie05.jpg\" class=\"fusion-lightbox\" data-rel=\"iLightbox[69f49632a1a42]\" data-caption=\"Wunstorf (Steinhude)\" data-title=\"WunstorfGalerie05\"> <img src=\"https:\/\/typisch-region-hannover.de\/wp-content\/uploads\/2016\/01\/WunstorfGalerie05.jpg\" alt=\"Typisch Steinhude\" class=\"img-responsive\"\/><\/a><\/span><\/div><div class=\"fusion-sep-clear\"><\/div><div class=\"fusion-separator fusion-full-width-sep sep-none\" style=\"border-color:#e0dede;margin-left: auto;margin-right: auto;margin-top:18px;\"><\/div><h2><a href=\"https:\/\/typisch-region-hannover.de\/index.php\/wunstorf\/typisch-wunstorf-nr-9-vom-28-03-2020\/\">TYPISCH WUNSTORF<\/a><\/h2>\n<div>Das Magazin aus Wunstorf lesen Sie<a href=\"https:\/\/typisch-region-hannover.de\/index.php\/wunstorf\/typisch-wunstorf-nr-9-vom-28-03-2020\/\"> hier.<\/a><\/div>\n<div class=\"fusion-clearfix\"><\/div><\/div><\/div><div class=\"fusion-clearfix\"><\/div>\n<div class=\"fusion-one-third one_third fusion-layout-column fusion-spacing-yes\" style=\"margin-top:0px;margin-bottom:20px;\"><div class=\"fusion-column-wrapper\"><div class=\"imageframe-align-center\"><span class=\"fusion-imageframe imageframe-none imageframe-13 hover-type-none\"><a href=\"https:\/\/typisch-region-hannover.de\/wp-content\/uploads\/2016\/11\/Ronnenberg2.jpg\" class=\"fusion-lightbox\" data-rel=\"iLightbox[69f49632a1dac]\" data-caption=\"Wasserb\u00fcffel an der Ihme\" data-title=\"ronnenberg2\"> <img src=\"https:\/\/typisch-region-hannover.de\/wp-content\/uploads\/2016\/11\/Ronnenberg2.jpg\" alt=\"Wasserb\u00fcffel an der Ihmeaue\" class=\"img-responsive\"\/><\/a><\/span><\/div><div class=\"fusion-sep-clear\"><\/div><div class=\"fusion-separator fusion-full-width-sep sep-none\" style=\"border-color:#e0dede;margin-left: auto;margin-right: auto;margin-top:18px;\"><\/div><h2>TYPISCH RONNENBERG<\/h2>\n<div>Das Magazin aus Ronnenberg\u00a0<a href=\"https:\/\/typisch-region-hannover.de\/index.php\/ronnenberg\/typisch-ronnenberg-nr-3-vom-29-11-2019\/\">lesen Sie hier.<\/a><\/div>\n<div class=\"fusion-clearfix\"><\/div><\/div><\/div>\n<div class=\"fusion-one-third one_third fusion-layout-column fusion-spacing-yes\" style=\"margin-top:0px;margin-bottom:20px;\"><div class=\"fusion-column-wrapper\"><div class=\"imageframe-align-center\"><span class=\"fusion-imageframe imageframe-none imageframe-14 hover-type-none\"><a href=\"https:\/\/typisch-region-hannover.de\/wp-content\/uploads\/2016\/03\/BSH1.jpg\" class=\"fusion-lightbox\" data-rel=\"iLightbox[69f49632a2166]\" data-title=\"BSH1\"> <img src=\"https:\/\/typisch-region-hannover.de\/wp-content\/uploads\/2016\/03\/BSH1.jpg\" alt=\"Barsinghausen\" class=\"img-responsive\"\/><\/a><\/span><\/div><div class=\"fusion-sep-clear\"><\/div><div class=\"fusion-separator fusion-full-width-sep sep-none\" style=\"border-color:#e0dede;margin-left: auto;margin-right: auto;margin-top:18px;\"><\/div><h2><a href=\"https:\/\/typisch-region-hannover.de\/index.php\/barsinghausen\/barsinghausen-15-vom-21-08-2019\/\">BARSINGHAUSEN \u00dcBERRASCHT<\/a><\/h2>\n<div>Stadtfest und 50.Jahrestag der Stadtwerdung in <a href=\"https:\/\/typisch-region-hannover.de\/index.php\/barsinghausen\/barsinghausen-15-vom-21-08-2019\/\">Barsinghausen.<\/a><\/div>\n<div class=\"fusion-clearfix\"><\/div><\/div><\/div>\n<div class=\"fusion-one-third one_third fusion-layout-column fusion-column-last fusion-spacing-yes\" style=\"margin-top:0px;margin-bottom:20px;\"><div class=\"fusion-column-wrapper\"><div class=\"imageframe-align-center\"><span class=\"fusion-imageframe imageframe-none imageframe-15 hover-type-none\"><a href=\"https:\/\/typisch-region-hannover.de\/wp-content\/uploads\/2017\/11\/wennigsen01th-e1559253302730.jpg\" class=\"fusion-lightbox\" data-rel=\"iLightbox[69f49632a2516]\" data-title=\"wennigsen01th\"> <img src=\"https:\/\/typisch-region-hannover.de\/wp-content\/uploads\/2017\/11\/wennigsen01th-e1559253302730.jpg\" alt=\"Sliders\" class=\"img-responsive\"\/><\/a><\/span><\/div><div class=\"fusion-sep-clear\"><\/div><div class=\"fusion-separator fusion-full-width-sep sep-none\" style=\"border-color:#e0dede;margin-left: auto;margin-right: auto;margin-top:18px;\"><\/div><h2><a href=\"https:\/\/typisch-region-hannover.de\/index.php\/wennigsen\/typisch-wennigsen-nr-2-vom-29-05-2019\/\">TYPISCH WENNIGSEN<\/a><\/h2>\n<div>Das Magazin aus Wennigsen finden Sie <a href=\"https:\/\/typisch-region-hannover.de\/index.php\/wennigsen\/typisch-wennigsen-nr-2-vom-29-05-2019\/\">hier.<\/a><\/div>\n<div class=\"fusion-clearfix\"><\/div><\/div><\/div><div class=\"fusion-clearfix\"><\/div>\n<div class=\"fusion-one-third one_third fusion-layout-column fusion-spacing-yes\" style=\"margin-top:0px;margin-bottom:20px;\"><div class=\"fusion-column-wrapper\"><div class=\"imageframe-align-center\"><span class=\"fusion-imageframe imageframe-none imageframe-16 hover-type-none\"><a href=\"https:\/\/typisch-region-hannover.de\/wp-content\/uploads\/2016\/01\/KapelleGro\u00dfbuchholz.jpg\" class=\"fusion-lightbox\" data-rel=\"iLightbox[69f49632a2b66]\" data-caption=\"Die alte Antonius-Kapelle in Gro\u00df-Buchholz\" data-title=\"kapellegrossbuchholz\"> <img src=\"https:\/\/typisch-region-hannover.de\/wp-content\/uploads\/2016\/01\/KapelleGro\u00dfbuchholz.jpg\" alt=\"Erst Kapelle, dann Schulhaus, heute Wohngeb\u00e4ude\" class=\"img-responsive\"\/><\/a><\/span><\/div><div class=\"fusion-sep-clear\"><\/div><div class=\"fusion-separator fusion-full-width-sep sep-none\" style=\"border-color:#e0dede;margin-left: auto;margin-right: auto;margin-top:18px;\"><\/div><h2>TYPISCH GRO\u00df-BUCHHOLZ<\/h2>\n<div>Das Magazin f\u00fcr Buchholz:\u00a0\u00a0<a href=\"https:\/\/typisch-region-hannover.de\/index.php\/gross-buchholz\/typisch-gross-buchholz-nr-4-vom-30-05-2018\/\">Zur Ausgabe.<\/a><\/div>\n<div class=\"fusion-clearfix\"><\/div><\/div><\/div>\n<div class=\"fusion-one-third one_third fusion-layout-column fusion-spacing-yes\" style=\"margin-top:0px;margin-bottom:20px;\"><div class=\"fusion-column-wrapper\"><div class=\"imageframe-align-center\"><span class=\"fusion-imageframe imageframe-none imageframe-17 hover-type-none\"><a href=\"https:\/\/typisch-region-hannover.de\/wp-content\/uploads\/2016\/04\/KleefeldGalerie9.jpg\" class=\"fusion-lightbox\" data-rel=\"iLightbox[69f49632a2f4c]\" data-caption=\"G\u00e4nse am Annateich, Kleefeld\" data-title=\"KleefeldGalerie9\"> <img src=\"https:\/\/typisch-region-hannover.de\/wp-content\/uploads\/2016\/04\/KleefeldGalerie9.jpg\" alt=\"Sliders\" class=\"img-responsive\"\/><\/a><\/span><\/div><div class=\"fusion-sep-clear\"><\/div><div class=\"fusion-separator fusion-full-width-sep sep-none\" style=\"border-color:#e0dede;margin-left: auto;margin-right: auto;margin-top:18px;\"><\/div><h2 data-lineheight=\"27\" data-fontsize=\"18\">TYPISCH KLEEFELD<\/h2>\n<div>Kleefeld ist ein Stadtteil Hannovers, der besonderen Reiz aus\u00fcbt. Eilenriede und Hermann-L\u00f6ns-Park laden zum Entspannen ein. Doch hier wohnt es sich auch wunderbar &#8211; zum Beispiel im feinen Philosophenviertel. Mehr\u00a0<a href=\"https:\/\/typisch-region-hannover.de\/index.php\/typisch-kleefeld\/\">hier.<\/a><\/div>\n<div class=\"fusion-clearfix\"><\/div><\/div><\/div>\n<div class=\"fusion-one-third one_third fusion-layout-column fusion-column-last fusion-spacing-yes\" style=\"margin-top:0px;margin-bottom:20px;\"><div class=\"fusion-column-wrapper\"><div class=\"imageframe-align-center\"><span class=\"fusion-imageframe imageframe-none imageframe-18 hover-type-none\"><a href=\"https:\/\/typisch-region-hannover.de\/wp-content\/uploads\/2016\/02\/Industriellgepraegt.jpg\" class=\"fusion-lightbox\" data-rel=\"iLightbox[69f49632a32ef]\" data-title=\"Industriellgepraegt\"> <img src=\"https:\/\/typisch-region-hannover.de\/wp-content\/uploads\/2016\/02\/Industriellgepraegt.jpg\" alt=\"Industriell gepr\u00e4gtes Misburg-Nord\" class=\"img-responsive\"\/><\/a><\/span><\/div><div class=\"fusion-sep-clear\"><\/div><div class=\"fusion-separator fusion-full-width-sep sep-none\" style=\"border-color:#e0dede;margin-left: auto;margin-right: auto;margin-top:18px;\"><\/div><h2>TYPISCH MISBURG<\/h2>\n<p>Der Stadtteil im S\u00fcdosten Hannovers ist besonders vielseitig: Industriekultur in Misburg-Nord, weiter Wald in Misburg-S\u00fcd, Mittellandkanal, Seitenkanal und ehemalige Mergelgruben in der Renaturierung. Lesen Sie unser erstes Magazin aus Misburg, finden Sie Fotogalerien und Wissenswertes <a href=\"https:\/\/typisch-region-hannover.de\/index.php\/misburg-2\/\">hier<\/a><\/p>\n<div class=\"fusion-clearfix\"><\/div><\/div><\/div><div class=\"fusion-clearfix\"><\/div>\n<div class=\"fusion-one-third one_third fusion-layout-column fusion-spacing-yes\" style=\"margin-top:0px;margin-bottom:20px;\"><div class=\"fusion-column-wrapper\"><div class=\"imageframe-align-center\"><span class=\"fusion-imageframe imageframe-none imageframe-19 hover-type-none\"><a href=\"https:\/\/typisch-region-hannover.de\/wp-content\/uploads\/2016\/03\/Vinnhorst1-1.jpg\" class=\"fusion-lightbox\" data-rel=\"iLightbox[69f49632a3663]\" data-caption=\"Die l\u00e4ndliche Seite Vinnhorsts\" data-title=\"Vinnhorst1\"> <img src=\"https:\/\/typisch-region-hannover.de\/wp-content\/uploads\/2016\/03\/Vinnhorst1-1.jpg\" alt=\"Vinnhorsts l\u00e4ndliche Seite\" class=\"img-responsive\"\/><\/a><\/span><\/div><div class=\"fusion-sep-clear\"><\/div><div class=\"fusion-separator fusion-full-width-sep sep-none\" style=\"border-color:#e0dede;margin-left: auto;margin-right: auto;margin-top:18px;\"><\/div><h2>TYPISCH VINNHORST<\/h2>\n<p>Der Stadtteil im Nordwesten Hannovers, da wo die Stadt aufh\u00f6rt und das Land beginnt, hat sich eine d\u00f6rfliche gemeinschaft erhalten. Lesen Sie unser erstes Magazin, finden Sie Fotogalerien und Wissenswertes <a href=\"https:\/\/typisch-region-hannover.de\/index.php\/vinnhorst\/\" target=\"_blank\" rel=\"noopener noreferrer\">hier<\/a><\/p>\n<div class=\"fusion-clearfix\"><\/div><\/div><\/div>\n<div class=\"fusion-one-third one_third fusion-layout-column fusion-spacing-yes\" style=\"margin-top:0px;margin-bottom:20px;\"><div class=\"fusion-column-wrapper\"><span class=\"fusion-imageframe imageframe-none imageframe-20 hover-type-none\"> <img src=\"https:\/\/typisch-region-hannover.de\/wp-content\/uploads\/2016\/01\/Garbsen09ReheimFeldA.jpg\" alt=\"Rehe bei Osterwald\" class=\"img-responsive\"\/><\/span><div class=\"fusion-clearfix\"><\/div><\/div><\/div>\n<div class=\"fusion-one-third one_third fusion-layout-column fusion-spacing-yes\" style=\"margin-top:0px;margin-bottom:20px;\"><div class=\"fusion-column-wrapper\"><div class=\"fusion-title title fusion-title-size-two\"><h2 class=\"title-heading-left\">DIE HEIMATREGION NEU ENTDECKEN<\/h2><div class=\"title-sep-container\"><div class=\"title-sep sep-double\"><\/div><\/div><\/div><p>Unsere Typisch-Magazine laden Sie ein, Ihre Heimatregion neu zu entdecken. Die hohe Lebensqualit\u00e4t in und um Hannover, die exzellente Infrastruktur und die hervorragenden Einkaufsm\u00f6glichkeiten machen diese Gegend Deutschlands aus. Die Region Hannover hat Berge und ein \u201eMeer\u201c, landwirtschaftlich gepr\u00e4gte Ortschaften, Sch\u00f6sser und Landg\u00fcter, pulsierende Stadtteile, einen innovativen Airport und engagierte Menschen, die daf\u00fcr sorgen, dass unser Zusammenleben angenehm gestaltet wird. Entdecken Sie mit uns bekannte Orte aber auch unbekanntere Flecken, an denen man &#8211; ganz nahe der Gro\u00dfstadt &#8211; Ruhe tanken kann. Wenn Sie immer dar\u00fcber informiert sein m\u00f6chten, wenn ein neues Magazin der Typisch-Reihe erscheint, geben Sie uns ein Like auf Facebook!\u00a0 Auf den Seiten der einzelnen Kommunen haben wir auch interessante Links gesammelt, unter denen Sie weiterf\u00fchrende Informationen \u00fcber den Ort und sein Tagesgeschehen erhalten.<\/p>\n<div class=\"fusion-clearfix\"><\/div><\/div><\/div>\n","protected":false},"excerpt":{"rendered":"","protected":false},"author":1,"featured_media":0,"parent":0,"menu_order":0,"comment_status":"closed","ping_status":"closed","template":"100-width.php","meta":[],"yoast_head":"<!-- This site is optimized with the Yoast SEO plugin v19.10 - https:\/\/yoast.com\/wordpress\/plugins\/seo\/ -->\n<title>Typisch Region Hannover: Magazine mit den sch\u00f6nsten Seiten der Region<\/title>\n<meta name=\"description\" content=\"Magazine f\u00fcr die Stadt Hannover und die Region. Lernen Sie Ihre Heimatregion ganz neu kennen: Reportagen und Bilderserien f\u00fcr Sie - typisch Region Hannover!\" \/>\n<meta name=\"robots\" content=\"index, follow, max-snippet:-1, max-image-preview:large, max-video-preview:-1\" \/>\n<link rel=\"canonical\" href=\"https:\/\/typisch-region-hannover.de\/\" \/>\n<meta property=\"og:locale\" content=\"de_DE\" \/>\n<meta property=\"og:type\" content=\"article\" \/>\n<meta property=\"og:title\" content=\"Typisch Region Hannover: Magazine mit den sch\u00f6nsten Seiten der Region\" \/>\n<meta property=\"og:description\" content=\"Magazine f\u00fcr die Stadt Hannover und die Region. Lernen Sie Ihre Heimatregion ganz neu kennen: Reportagen und Bilderserien f\u00fcr Sie - typisch Region Hannover!\" \/>\n<meta property=\"og:url\" content=\"https:\/\/typisch-region-hannover.de\/\" \/>\n<meta property=\"og:site_name\" content=\"Typisch Region Hannover\" \/>\n<meta property=\"article:publisher\" content=\"https:\/\/www.facebook.com\/typischregionhannover\/\" \/>\n<meta property=\"article:modified_time\" content=\"2026-03-27T11:11:54+00:00\" \/>\n<meta property=\"og:image\" content=\"https:\/\/typisch-region-hannover.de\/wp-content\/uploads\/2026\/03\/Langenhagen20260327-01.jpg\" \/>\n<meta name=\"twitter:card\" content=\"summary_large_image\" \/>\n<meta name=\"twitter:label1\" content=\"Gesch\u00e4tzte Lesezeit\" \/>\n\t<meta name=\"twitter:data1\" content=\"14\u00a0Minuten\" \/>\n<script type=\"application\/ld+json\" class=\"yoast-schema-graph\">{\"@context\":\"https:\/\/schema.org\",\"@graph\":[{\"@type\":\"WebPage\",\"@id\":\"https:\/\/typisch-region-hannover.de\/\",\"url\":\"https:\/\/typisch-region-hannover.de\/\",\"name\":\"Typisch Region Hannover: Magazine mit den sch\u00f6nsten Seiten der Region\",\"isPartOf\":{\"@id\":\"https:\/\/typisch-region-hannover.de\/#website\"},\"datePublished\":\"2016-01-05T03:05:09+00:00\",\"dateModified\":\"2026-03-27T11:11:54+00:00\",\"description\":\"Magazine f\u00fcr die Stadt Hannover und die Region. Lernen Sie Ihre Heimatregion ganz neu kennen: Reportagen und Bilderserien f\u00fcr Sie - typisch Region Hannover!\",\"breadcrumb\":{\"@id\":\"https:\/\/typisch-region-hannover.de\/#breadcrumb\"},\"inLanguage\":\"de\",\"potentialAction\":[{\"@type\":\"ReadAction\",\"target\":[\"https:\/\/typisch-region-hannover.de\/\"]}]},{\"@type\":\"BreadcrumbList\",\"@id\":\"https:\/\/typisch-region-hannover.de\/#breadcrumb\",\"itemListElement\":[{\"@type\":\"ListItem\",\"position\":1,\"name\":\"Home\",\"item\":\"https:\/\/typisch-region-hannover.de\/\"},{\"@type\":\"ListItem\",\"position\":2,\"name\":\"Home\"}]},{\"@type\":\"WebSite\",\"@id\":\"https:\/\/typisch-region-hannover.de\/#website\",\"url\":\"https:\/\/typisch-region-hannover.de\/\",\"name\":\"Typisch Region Hannover\",\"description\":\"Wissenswertes aus unserer Region\",\"potentialAction\":[{\"@type\":\"SearchAction\",\"target\":{\"@type\":\"EntryPoint\",\"urlTemplate\":\"https:\/\/typisch-region-hannover.de\/?s={search_term_string}\"},\"query-input\":\"required name=search_term_string\"}],\"inLanguage\":\"de\"}]}<\/script>\n<!-- \/ Yoast SEO plugin. -->","yoast_head_json":{"title":"Typisch Region Hannover: Magazine mit den sch\u00f6nsten Seiten der Region","description":"Magazine f\u00fcr die Stadt Hannover und die Region. Lernen Sie Ihre Heimatregion ganz neu kennen: Reportagen und Bilderserien f\u00fcr Sie - typisch Region Hannover!","robots":{"index":"index","follow":"follow","max-snippet":"max-snippet:-1","max-image-preview":"max-image-preview:large","max-video-preview":"max-video-preview:-1"},"canonical":"https:\/\/typisch-region-hannover.de\/","og_locale":"de_DE","og_type":"article","og_title":"Typisch Region Hannover: Magazine mit den sch\u00f6nsten Seiten der Region","og_description":"Magazine f\u00fcr die Stadt Hannover und die Region. Lernen Sie Ihre Heimatregion ganz neu kennen: Reportagen und Bilderserien f\u00fcr Sie - typisch Region Hannover!","og_url":"https:\/\/typisch-region-hannover.de\/","og_site_name":"Typisch Region Hannover","article_publisher":"https:\/\/www.facebook.com\/typischregionhannover\/","article_modified_time":"2026-03-27T11:11:54+00:00","og_image":[{"url":"https:\/\/typisch-region-hannover.de\/wp-content\/uploads\/2026\/03\/Langenhagen20260327-01.jpg"}],"twitter_card":"summary_large_image","twitter_misc":{"Gesch\u00e4tzte Lesezeit":"14\u00a0Minuten"},"schema":{"@context":"https:\/\/schema.org","@graph":[{"@type":"WebPage","@id":"https:\/\/typisch-region-hannover.de\/","url":"https:\/\/typisch-region-hannover.de\/","name":"Typisch Region Hannover: Magazine mit den sch\u00f6nsten Seiten der Region","isPartOf":{"@id":"https:\/\/typisch-region-hannover.de\/#website"},"datePublished":"2016-01-05T03:05:09+00:00","dateModified":"2026-03-27T11:11:54+00:00","description":"Magazine f\u00fcr die Stadt Hannover und die Region. Lernen Sie Ihre Heimatregion ganz neu kennen: Reportagen und Bilderserien f\u00fcr Sie - typisch Region Hannover!","breadcrumb":{"@id":"https:\/\/typisch-region-hannover.de\/#breadcrumb"},"inLanguage":"de","potentialAction":[{"@type":"ReadAction","target":["https:\/\/typisch-region-hannover.de\/"]}]},{"@type":"BreadcrumbList","@id":"https:\/\/typisch-region-hannover.de\/#breadcrumb","itemListElement":[{"@type":"ListItem","position":1,"name":"Home","item":"https:\/\/typisch-region-hannover.de\/"},{"@type":"ListItem","position":2,"name":"Home"}]},{"@type":"WebSite","@id":"https:\/\/typisch-region-hannover.de\/#website","url":"https:\/\/typisch-region-hannover.de\/","name":"Typisch Region Hannover","description":"Wissenswertes aus unserer Region","potentialAction":[{"@type":"SearchAction","target":{"@type":"EntryPoint","urlTemplate":"https:\/\/typisch-region-hannover.de\/?s={search_term_string}"},"query-input":"required name=search_term_string"}],"inLanguage":"de"}]}},"_links":{"self":[{"href":"https:\/\/typisch-region-hannover.de\/index.php\/wp-json\/wp\/v2\/pages\/11459"}],"collection":[{"href":"https:\/\/typisch-region-hannover.de\/index.php\/wp-json\/wp\/v2\/pages"}],"about":[{"href":"https:\/\/typisch-region-hannover.de\/index.php\/wp-json\/wp\/v2\/types\/page"}],"author":[{"embeddable":true,"href":"https:\/\/typisch-region-hannover.de\/index.php\/wp-json\/wp\/v2\/users\/1"}],"replies":[{"embeddable":true,"href":"https:\/\/typisch-region-hannover.de\/index.php\/wp-json\/wp\/v2\/comments?post=11459"}],"version-history":[{"count":140,"href":"https:\/\/typisch-region-hannover.de\/index.php\/wp-json\/wp\/v2\/pages\/11459\/revisions"}],"predecessor-version":[{"id":22254,"href":"https:\/\/typisch-region-hannover.de\/index.php\/wp-json\/wp\/v2\/pages\/11459\/revisions\/22254"}],"wp:attachment":[{"href":"https:\/\/typisch-region-hannover.de\/index.php\/wp-json\/wp\/v2\/media?parent=11459"}],"curies":[{"name":"wp","href":"https:\/\/api.w.org\/{rel}","templated":true}]}}