{"id":11433,"date":"2016-01-05T00:40:59","date_gmt":"2016-01-04T23:40:59","guid":{"rendered":"https:\/\/typisch-region-hannover.de\/?page_id=11433"},"modified":"2024-11-26T00:38:16","modified_gmt":"2024-11-25T23:38:16","slug":"burgwedel","status":"publish","type":"page","link":"https:\/\/typisch-region-hannover.de\/index.php\/burgwedel\/","title":{"rendered":"Burgwedel"},"content":{"rendered":"<div class=\"fusion-fullwidth fullwidth-box fusion-fullwidth-1  fusion-parallax-none nonhundred-percent-fullwidth\" style=\"border-color:#eae9e9;border-bottom-width: 0px;border-top-width: 0px;border-bottom-style: solid;border-top-style: solid;padding-bottom:0px;padding-top:0px;padding-left:0px;padding-right:0px;background-color:#ffffff;\"><style type=\"text\/css\" scoped=\"scoped\">.fusion-fullwidth-1 {\n                            padding-left: 0px !important;\n                            padding-right: 0px !important;\n                        }<\/style><div class=\"fusion-row\"><div class=\"fusion-image-carousel fusion-image-carousel-fixed lightbox-enabled\"><div class=\"fusion-carousel\" data-autoplay=\"yes\" data-columns=\"6\" data-itemmargin=\"8\" data-itemwidth=\"180\" data-touchscroll=\"no\" data-imagesize=\"fixed\"><div class=\"fusion-carousel-positioner\"><ul class=\"fusion-carousel-holder\"><li class=\"fusion-carousel-item\"><div class=\"fusion-carousel-item-wrapper\"><div class=\"fusion-image-wrapper hover-type-zoomin\"><a data-rel=\"iLightbox[gallery_image_1]\" data-title=\"RegenbogenOldhorst\" href=\"https:\/\/typisch-region-hannover.de\/wp-content\/uploads\/2016\/01\/RegenbogenOldhorst.jpg\" target=\"_self\"><img src=\"https:\/\/typisch-region-hannover.de\/wp-content\/uploads\/2016\/01\/RegenbogenOldhorst.jpg\" alt=\"\" \/><\/a><\/div><\/div><\/li><li class=\"fusion-carousel-item\"><div class=\"fusion-carousel-item-wrapper\"><div class=\"fusion-image-wrapper hover-type-zoomin\"><a data-rel=\"iLightbox[gallery_image_1]\" data-title=\"Wu\u0308rmsee2015\" href=\"https:\/\/typisch-region-hannover.de\/wp-content\/uploads\/2016\/01\/Wuermsee2015.jpg\" target=\"_self\"><img src=\"https:\/\/typisch-region-hannover.de\/wp-content\/uploads\/2016\/01\/Wu\u0308rmsee2015.jpg\" alt=\"\" \/><\/a><\/div><\/div><\/li><li class=\"fusion-carousel-item\"><div class=\"fusion-carousel-item-wrapper\"><div class=\"fusion-image-wrapper hover-type-zoomin\"><a data-rel=\"iLightbox[gallery_image_1]\" data-title=\"WaldwegzumTrunnenmoor\" href=\"https:\/\/typisch-region-hannover.de\/wp-content\/uploads\/2016\/01\/WaldwegzumTrunnenmoor.jpg\" target=\"_self\"><img src=\"https:\/\/typisch-region-hannover.de\/wp-content\/uploads\/2016\/01\/WaldwegzumTrunnenmoor.jpg\" alt=\"\" \/><\/a><\/div><\/div><\/li><li class=\"fusion-carousel-item\"><div class=\"fusion-carousel-item-wrapper\"><div class=\"fusion-image-wrapper hover-type-zoomin\"><a data-rel=\"iLightbox[gallery_image_1]\" data-title=\"ThoenseKiesteich\" href=\"https:\/\/typisch-region-hannover.de\/wp-content\/uploads\/2016\/01\/ThoenseKiesteich-1.jpg\" target=\"_self\"><img src=\"https:\/\/typisch-region-hannover.de\/wp-content\/uploads\/2016\/01\/ThoenseKiesteich-1.jpg\" alt=\"\" \/><\/a><\/div><\/div><\/li><li class=\"fusion-carousel-item\"><div class=\"fusion-carousel-item-wrapper\"><div class=\"fusion-image-wrapper hover-type-zoomin\"><a data-rel=\"iLightbox[gallery_image_1]\" data-title=\"RaseneisensteinKirchenmauer\" href=\"https:\/\/typisch-region-hannover.de\/wp-content\/uploads\/2016\/01\/RaseneisensteinKirchenmauer.jpg\" target=\"_self\"><img src=\"https:\/\/typisch-region-hannover.de\/wp-content\/uploads\/2016\/01\/RaseneisensteinKirchenmauer.jpg\" alt=\"\" \/><\/a><\/div><\/div><\/li><li class=\"fusion-carousel-item\"><div class=\"fusion-carousel-item-wrapper\"><div class=\"fusion-image-wrapper hover-type-zoomin\"><a data-rel=\"iLightbox[gallery_image_1]\" data-title=\"Rahden2\" href=\"https:\/\/typisch-region-hannover.de\/wp-content\/uploads\/2016\/01\/Rahden2.jpg\" target=\"_self\"><img src=\"https:\/\/typisch-region-hannover.de\/wp-content\/uploads\/2016\/01\/Rahden2.jpg\" alt=\"\" \/><\/a><\/div><\/div><\/li><li class=\"fusion-carousel-item\"><div class=\"fusion-carousel-item-wrapper\"><div class=\"fusion-image-wrapper hover-type-zoomin\"><a data-rel=\"iLightbox[gallery_image_1]\" data-title=\"NaturdenkmalBlutbuche\" href=\"https:\/\/typisch-region-hannover.de\/wp-content\/uploads\/2016\/01\/NaturdenkmalBlutbuche.jpg\" target=\"_self\"><img src=\"https:\/\/typisch-region-hannover.de\/wp-content\/uploads\/2016\/01\/NaturdenkmalBlutbuche.jpg\" alt=\"\" \/><\/a><\/div><\/div><\/li><li class=\"fusion-carousel-item\"><div class=\"fusion-carousel-item-wrapper\"><div class=\"fusion-image-wrapper hover-type-zoomin\"><a data-rel=\"iLightbox[gallery_image_1]\" data-title=\"Kirchenschiff\" href=\"https:\/\/typisch-region-hannover.de\/wp-content\/uploads\/2016\/01\/Kirchenschiff.jpg\" target=\"_self\"><img src=\"https:\/\/typisch-region-hannover.de\/wp-content\/uploads\/2016\/01\/Kirchenschiff.jpg\" alt=\"\" \/><\/a><\/div><\/div><\/li><\/ul><div class=\"fusion-carousel-nav\"><span class=\"fusion-nav-prev\"><\/span><span class=\"fusion-nav-next\"><\/span><\/div><\/div><\/div><\/div><\/div><\/div><div class=\"fusion-one-third one_third fusion-layout-column fusion-spacing-yes\" style=\"margin-top:0px;margin-bottom:20px;\"><div class=\"fusion-column-wrapper\"><span class=\"fusion-imageframe imageframe-none imageframe-1 hover-type-zoomin\"><a class=\"fusion-no-lightbox\" href=\"https:\/\/typisch-region-hannover.de\/index.php\/burgwedel\/typisch-burgwedel-37-vom-1-10-2024\/\" target=\"_blank\"> <img alt=\"\" src=\"https:\/\/typisch-region-hannover.de\/wp-content\/uploads\/2024\/10\/Burgwedel37-01a.jpg\" class=\"img-responsive\"\/><\/a><\/span><div class=\"fusion-sep-clear\"><\/div><div class=\"fusion-separator fusion-full-width-sep sep-single\" style=\"border-color:#5a8727;border-top-width:1px;margin-left: auto;margin-right: auto;margin-top:20px;margin-bottom:20px;\"><\/div>\n<span class=\"fusion-imageframe imageframe-none imageframe-2 hover-type-zoomin\"><a class=\"fusion-no-lightbox\" href=\"https:\/\/typisch-region-hannover.de\/index.php\/burgwedel\/typisch-burgwedel-36-vom-31-05-2024\/\" target=\"_blank\"> <img alt=\"\" src=\"https:\/\/typisch-region-hannover.de\/wp-content\/uploads\/2024\/05\/Burgwedel36-01a.jpg\" class=\"img-responsive\"\/><\/a><\/span><div class=\"fusion-sep-clear\"><\/div><div class=\"fusion-separator fusion-full-width-sep sep-single\" style=\"border-color:#5a8727;border-top-width:1px;margin-left: auto;margin-right: auto;margin-top:20px;margin-bottom:20px;\"><\/div>\n<span class=\"fusion-imageframe imageframe-none imageframe-3 hover-type-zoomin\"><a class=\"fusion-no-lightbox\" href=\"https:\/\/typisch-region-hannover.de\/index.php\/burgwedel\/typisch-burgwedel-35-vom-28-02-2024\/\" target=\"_blank\"> <img alt=\"\" src=\"https:\/\/typisch-region-hannover.de\/wp-content\/uploads\/2024\/02\/Burgwedel35-01a.jpg\" class=\"img-responsive\"\/><\/a><\/span><div class=\"fusion-sep-clear\"><\/div><div class=\"fusion-separator fusion-full-width-sep sep-single\" style=\"border-color:#5a8727;border-top-width:1px;margin-left: auto;margin-right: auto;margin-top:20px;margin-bottom:20px;\"><\/div>\n<span class=\"fusion-imageframe imageframe-none imageframe-4 hover-type-zoomin\"><a class=\"fusion-no-lightbox\" href=\"https:\/\/typisch-region-hannover.de\/index.php\/burgwedel\/typisch-burgwedel-34-vom-29-11-2023\/\" target=\"_blank\"> <img alt=\"\" src=\"https:\/\/typisch-region-hannover.de\/wp-content\/uploads\/2023\/11\/Burgwedel34-01.jpg\" class=\"img-responsive\"\/><\/a><\/span><div class=\"fusion-sep-clear\"><\/div><div class=\"fusion-separator fusion-full-width-sep sep-single\" style=\"border-color:#5a8727;border-top-width:1px;margin-left: auto;margin-right: auto;margin-top:20px;margin-bottom:20px;\"><\/div>\n<span class=\"fusion-imageframe imageframe-none imageframe-5 hover-type-zoomin\"><a class=\"fusion-no-lightbox\" href=\"https:\/\/typisch-region-hannover.de\/index.php\/burgwedel\/typisch-burgwedel-33-vom-27-09-2023\/\" target=\"_blank\"> <img alt=\"\" src=\"https:\/\/typisch-region-hannover.de\/wp-content\/uploads\/2023\/09\/Burgwedel33-01.jpg\" class=\"img-responsive\"\/><\/a><\/span><div class=\"fusion-sep-clear\"><\/div><div class=\"fusion-separator fusion-full-width-sep sep-single\" style=\"border-color:#5a8727;border-top-width:1px;margin-left: auto;margin-right: auto;margin-top:20px;margin-bottom:20px;\"><\/div>\n<span class=\"fusion-imageframe imageframe-none imageframe-6 hover-type-zoomin\"><a class=\"fusion-no-lightbox\" href=\"https:\/\/typisch-region-hannover.de\/index.php\/burgwedel\/typisch-burgwedel-32-vom-31-05-2023\/\" target=\"_blank\"> <img alt=\"\" src=\"https:\/\/typisch-region-hannover.de\/wp-content\/uploads\/2023\/05\/Burgwedel32-01.jpg\" class=\"img-responsive\"\/><\/a><\/span><div class=\"fusion-sep-clear\"><\/div><div class=\"fusion-separator fusion-full-width-sep sep-single\" style=\"border-color:#5a8727;border-top-width:1px;margin-left: auto;margin-right: auto;margin-top:20px;margin-bottom:20px;\"><\/div>\n<span class=\"fusion-imageframe imageframe-none imageframe-7 hover-type-zoomin\"><a class=\"fusion-no-lightbox\" href=\"https:\/\/typisch-region-hannover.de\/index.php\/burgwedel\/typisch-burgwedel-31-vom-28-02-2023\/\" target=\"_blank\"> <img alt=\"\" src=\"https:\/\/typisch-region-hannover.de\/wp-content\/uploads\/2023\/02\/Burgwedel31-01.jpg\" class=\"img-responsive\"\/><\/a><\/span><div class=\"fusion-sep-clear\"><\/div><div class=\"fusion-separator fusion-full-width-sep sep-single\" style=\"border-color:#5a8727;border-top-width:1px;margin-left: auto;margin-right: auto;margin-top:20px;margin-bottom:20px;\"><\/div>\n<span class=\"fusion-imageframe imageframe-none imageframe-8 hover-type-zoomin\"><a class=\"fusion-no-lightbox\" href=\"https:\/\/typisch-region-hannover.de\/index.php\/burgwedel\/typisch-burgwedel-30-vom-23-11-2022\/\" target=\"_blank\"> <img alt=\"\" src=\"https:\/\/typisch-region-hannover.de\/wp-content\/uploads\/2022\/11\/Burgwedel30-01.jpg\" class=\"img-responsive\"\/><\/a><\/span><div class=\"fusion-sep-clear\"><\/div><div class=\"fusion-separator fusion-full-width-sep sep-single\" style=\"border-color:#5a8727;border-top-width:1px;margin-left: auto;margin-right: auto;margin-top:20px;margin-bottom:20px;\"><\/div>\n<span class=\"fusion-imageframe imageframe-none imageframe-9 hover-type-zoomin\"><a class=\"fusion-no-lightbox\" href=\"https:\/\/typisch-region-hannover.de\/index.php\/burgwedel\/typisch-burgwedel-29-vom-28-September-2022\/\" target=\"_blank\"> <img alt=\"\" src=\"https:\/\/typisch-region-hannover.de\/wp-content\/uploads\/2022\/09\/Burgwedel29-01.jpg\" class=\"img-responsive\"\/><\/a><\/span><div class=\"fusion-sep-clear\"><\/div><div class=\"fusion-separator fusion-full-width-sep sep-single\" style=\"border-color:#5a8727;border-top-width:1px;margin-left: auto;margin-right: auto;margin-top:20px;margin-bottom:20px;\"><\/div>\n<span class=\"fusion-imageframe imageframe-none imageframe-10 hover-type-zoomin\"><a class=\"fusion-no-lightbox\" href=\"https:\/\/typisch-region-hannover.de\/index.php\/burgwedel\/typisch-burgwedel-28-vom-27-05-2022\/\" target=\"_blank\"> <img alt=\"\" src=\"https:\/\/typisch-region-hannover.de\/wp-content\/uploads\/2022\/05\/Burgwedel28-01.jpg\" class=\"img-responsive\"\/><\/a><\/span><div class=\"fusion-sep-clear\"><\/div><div class=\"fusion-separator fusion-full-width-sep sep-single\" style=\"border-color:#5a8727;border-top-width:1px;margin-left: auto;margin-right: auto;margin-top:20px;margin-bottom:20px;\"><\/div>\n<span class=\"fusion-imageframe imageframe-none imageframe-11 hover-type-zoomin\"><a class=\"fusion-no-lightbox\" href=\"https:\/\/typisch-region-hannover.de\/index.php\/burgwedel\/typisch-burgwedel-27-vom-26-02-2022\/\" target=\"_blank\"> <img alt=\"\" src=\"https:\/\/typisch-region-hannover.de\/wp-content\/uploads\/2022\/02\/Burgwedel27-01.jpg\" class=\"img-responsive\"\/><\/a><\/span><div class=\"fusion-sep-clear\"><\/div><div class=\"fusion-separator fusion-full-width-sep sep-single\" style=\"border-color:#5a8727;border-top-width:1px;margin-left: auto;margin-right: auto;margin-top:20px;margin-bottom:20px;\"><\/div>\n<span class=\"fusion-imageframe imageframe-none imageframe-12 hover-type-zoomin\"><a class=\"fusion-no-lightbox\" href=\"https:\/\/typisch-region-hannover.de\/index.php\/burgwedel\/typisch-burgwedel-26-vom-24-11-2021\/\" target=\"_blank\"> <img alt=\"\" src=\"https:\/\/typisch-region-hannover.de\/wp-content\/uploads\/2021\/11\/Burgwedel26-01.jpg\" class=\"img-responsive\"\/><\/a><\/span><div class=\"fusion-sep-clear\"><\/div><div class=\"fusion-separator fusion-full-width-sep sep-single\" style=\"border-color:#5a8727;border-top-width:1px;margin-left: auto;margin-right: auto;margin-top:20px;margin-bottom:20px;\"><\/div>\n<span class=\"fusion-imageframe imageframe-none imageframe-13 hover-type-zoomin\"><a class=\"fusion-no-lightbox\" href=\"https:\/\/typisch-region-hannover.de\/index.php\/burgwedel\/typisch-burgwedel-25-vom-29-09-2021\/\" target=\"_blank\"> <img alt=\"\" src=\"https:\/\/typisch-region-hannover.de\/wp-content\/uploads\/2021\/09\/Burgwedel25-01.jpg\" class=\"img-responsive\"\/><\/a><\/span><div class=\"fusion-sep-clear\"><\/div><div class=\"fusion-separator fusion-full-width-sep sep-single\" style=\"border-color:#5a8727;border-top-width:1px;margin-left: auto;margin-right: auto;margin-top:20px;margin-bottom:20px;\"><\/div><span class=\"fusion-imageframe imageframe-none imageframe-14 hover-type-zoomin\"><a class=\"fusion-no-lightbox\" href=\"https:\/\/typisch-region-hannover.de\/index.php\/burgwedel\/typisch-burgwedel-24-vom-27-05-2021\/\" target=\"_blank\"> <img alt=\"\" src=\"https:\/\/typisch-region-hannover.de\/wp-content\/uploads\/2021\/05\/Burgwedel24-01.jpg\" class=\"img-responsive\"\/><\/a><\/span><div class=\"fusion-sep-clear\"><\/div><div class=\"fusion-separator fusion-full-width-sep sep-single\" style=\"border-color:#5a8727;border-top-width:1px;margin-left: auto;margin-right: auto;margin-top:20px;margin-bottom:20px;\"><\/div><span class=\"fusion-imageframe imageframe-none imageframe-15 hover-type-zoomin\"><a class=\"fusion-no-lightbox\" href=\"https:\/\/typisch-region-hannover.de\/index.php\/burgwedel\/typisch-burgwedel-23-vom-27-02-2021\/\" target=\"_blank\"> <img alt=\"\" src=\"https:\/\/typisch-region-hannover.de\/wp-content\/uploads\/2021\/02\/Burgwedel23-01.jpg\" class=\"img-responsive\"\/><\/a><\/span><div class=\"fusion-sep-clear\"><\/div><div class=\"fusion-separator fusion-full-width-sep sep-single\" style=\"border-color:#5a8727;border-top-width:1px;margin-left: auto;margin-right: auto;margin-top:20px;margin-bottom:20px;\"><\/div><span class=\"fusion-imageframe imageframe-none imageframe-16 hover-type-zoomin\"><a class=\"fusion-no-lightbox\" href=\"https:\/\/typisch-region-hannover.de\/index.php\/burgwedel\/typisch-burgwedel-22-vom-30-11-2020\/\" target=\"_blank\"> <img alt=\"\" src=\"https:\/\/typisch-region-hannover.de\/wp-content\/uploads\/2020\/11\/Burgwedel22-01.jpg\" class=\"img-responsive\"\/><\/a><\/span><div class=\"fusion-sep-clear\"><\/div><div class=\"fusion-separator fusion-full-width-sep sep-single\" style=\"border-color:#5a8727;border-top-width:1px;margin-left: auto;margin-right: auto;margin-top:20px;margin-bottom:20px;\"><\/div><span class=\"fusion-imageframe imageframe-none imageframe-17 hover-type-zoomin\"><a class=\"fusion-no-lightbox\" href=\"https:\/\/typisch-region-hannover.de\/index.php\/burgwedel\/typisch-burgwedel-21-vom-30-09-2020\/\" target=\"_blank\"> <img alt=\"\" src=\"https:\/\/typisch-region-hannover.de\/wp-content\/uploads\/2020\/09\/Burgwedel21-01.jpg\" class=\"img-responsive\"\/><\/a><\/span><div class=\"fusion-sep-clear\"><\/div><div class=\"fusion-separator fusion-full-width-sep sep-single\" style=\"border-color:#5a8727;border-top-width:1px;margin-left: auto;margin-right: auto;margin-top:20px;margin-bottom:20px;\"><\/div><span class=\"fusion-imageframe imageframe-none imageframe-18 hover-type-zoomin\"><a class=\"fusion-no-lightbox\" href=\"https:\/\/typisch-region-hannover.de\/index.php\/burgwedel\/typisch-burgwedel-20-vom-29-05-2020\/\" target=\"_blank\"> <img alt=\"\" src=\"https:\/\/typisch-region-hannover.de\/wp-content\/uploads\/2020\/05\/Burgwedel20-01.jpg\" class=\"img-responsive\"\/><\/a><\/span><div class=\"fusion-sep-clear\"><\/div><div class=\"fusion-separator fusion-full-width-sep sep-single\" style=\"border-color:#5a8727;border-top-width:1px;margin-left: auto;margin-right: auto;margin-top:20px;margin-bottom:20px;\"><\/div><span class=\"fusion-imageframe imageframe-none imageframe-19 hover-type-zoomin\"><a class=\"fusion-no-lightbox\" href=\"https:\/\/typisch-region-hannover.de\/index.php\/burgwedel\/typisch-burgwedel-19-vom-26-02-2020\/\" target=\"_blank\"> <img alt=\"\" src=\"https:\/\/typisch-region-hannover.de\/wp-content\/uploads\/2020\/02\/Burgwedel19-01.jpg\" class=\"img-responsive\"\/><\/a><\/span><div class=\"fusion-sep-clear\"><\/div><div class=\"fusion-separator fusion-full-width-sep sep-single\" style=\"border-color:#5a8727;border-top-width:1px;margin-left: auto;margin-right: auto;margin-top:20px;margin-bottom:20px;\"><\/div><span class=\"fusion-imageframe imageframe-none imageframe-20 hover-type-zoomin\"><a class=\"fusion-no-lightbox\" href=\"https:\/\/typisch-region-hannover.de\/index.php\/burgwedel\/typisch-burgwedel-18-vom-23-11-2019\/\" target=\"_blank\"> <img alt=\"\" src=\"https:\/\/typisch-region-hannover.de\/wp-content\/uploads\/2019\/11\/Burgwedel18-01-e1575577616610.jpg\" class=\"img-responsive\"\/><\/a><\/span><div class=\"fusion-sep-clear\"><\/div><div class=\"fusion-separator fusion-full-width-sep sep-single\" style=\"border-color:#5a8727;border-top-width:1px;margin-left: auto;margin-right: auto;margin-top:20px;margin-bottom:20px;\"><\/div><span class=\"fusion-imageframe imageframe-none imageframe-21 hover-type-zoomin\"><a class=\"fusion-no-lightbox\" href=\"https:\/\/typisch-region-hannover.de\/index.php\/burgwedel\/typisch-burgwedel-17-vom-28-09-2019\/\" target=\"_blank\"> <img alt=\"\" src=\"https:\/\/typisch-region-hannover.de\/wp-content\/uploads\/2019\/09\/Burgwedel17-01.jpg\" class=\"img-responsive\"\/><\/a><\/span><div class=\"fusion-sep-clear\"><\/div><div class=\"fusion-separator fusion-full-width-sep sep-single\" style=\"border-color:#5a8727;border-top-width:1px;margin-left: auto;margin-right: auto;margin-top:20px;margin-bottom:20px;\"><\/div><span class=\"fusion-imageframe imageframe-none imageframe-22 hover-type-zoomin\"><a class=\"fusion-no-lightbox\" href=\"https:\/\/typisch-region-hannover.de\/index.php\/burgwedel\/typisch-burgwedel-16-vom-24-05-2019\/\" target=\"_blank\"> <img alt=\"\" src=\"https:\/\/typisch-region-hannover.de\/wp-content\/uploads\/2019\/05\/Burgwedel16-01.jpg\" class=\"img-responsive\"\/><\/a><\/span><div class=\"fusion-sep-clear\"><\/div><div class=\"fusion-separator fusion-full-width-sep sep-single\" style=\"border-color:#5a8727;border-top-width:1px;margin-left: auto;margin-right: auto;margin-top:20px;margin-bottom:20px;\"><\/div><span class=\"fusion-imageframe imageframe-none imageframe-23 hover-type-zoomin\"><a class=\"fusion-no-lightbox\" href=\"https:\/\/typisch-region-hannover.de\/index.php\/burgwedel\/typisch-burgwedel-15-vom-27-02-2019\/\" target=\"_blank\"> <img alt=\"\" src=\"https:\/\/typisch-region-hannover.de\/wp-content\/uploads\/2019\/02\/Burgwedel15-01.jpg\" class=\"img-responsive\"\/><\/a><\/span><div class=\"fusion-sep-clear\"><\/div><div class=\"fusion-separator fusion-full-width-sep sep-single\" style=\"border-color:#5a8727;border-top-width:1px;margin-left: auto;margin-right: auto;margin-top:20px;margin-bottom:20px;\"><\/div><span class=\"fusion-imageframe imageframe-none imageframe-24 hover-type-zoomin\"><a class=\"fusion-no-lightbox\" href=\"https:\/\/typisch-region-hannover.de\/index.php\/burgwedel\/typisch-burgwedel-14-vom-30-11-2018\/\" target=\"_blank\"> <img alt=\"\" src=\"https:\/\/typisch-region-hannover.de\/wp-content\/uploads\/2018\/11\/Burgwedel14-01.jpg\" class=\"img-responsive\"\/><\/a><\/span><div class=\"fusion-sep-clear\"><\/div><div class=\"fusion-separator fusion-full-width-sep sep-single\" style=\"border-color:#5a8727;border-top-width:1px;margin-left: auto;margin-right: auto;margin-top:15px;margin-bottom:15px;\"><\/div><span class=\"fusion-imageframe imageframe-none imageframe-25 hover-type-zoomin\"><a class=\"fusion-no-lightbox\" href=\"https:\/\/typisch-region-hannover.de\/index.php\/burgwedel\/typisch-burgwedel-13-vom-28-09-2018\/\" target=\"_blank\"> <img alt=\"\" src=\"https:\/\/typisch-region-hannover.de\/wp-content\/uploads\/2018\/09\/Burgwedel13-01.jpg\" class=\"img-responsive\"\/><\/a><\/span><div class=\"fusion-sep-clear\"><\/div><div class=\"fusion-separator fusion-full-width-sep sep-none\" style=\"border-color:#e0dede;margin-left: auto;margin-right: auto;margin-top:30px;margin-bottom:25px;\"><\/div><span class=\"fusion-imageframe imageframe-none imageframe-26 hover-type-zoomin\"><a class=\"fusion-no-lightbox\" href=\"https:\/\/typisch-region-hannover.de\/index.php\/burgwedel\/typisch-burgwedel-nr-12-vom-25-05-2018\/\" target=\"_blank\"> <img alt=\"\" src=\"https:\/\/typisch-region-hannover.de\/wp-content\/uploads\/2018\/05\/Burgwedel12-01.jpg\" class=\"img-responsive\"\/><\/a><\/span><div class=\"fusion-sep-clear\"><\/div><div class=\"fusion-separator fusion-full-width-sep sep-none\" style=\"border-color:#e0dede;margin-left: auto;margin-right: auto;margin-top:30px;margin-bottom:25px;\"><\/div><span class=\"fusion-imageframe imageframe-none imageframe-27 hover-type-zoomin\"><a class=\"fusion-no-lightbox\" href=\"https:\/\/typisch-region-hannover.de\/index.php\/burgwedel\/typisch-burgwedel-nr-11-vom-27-02-2018\/\" target=\"_blank\"> <img alt=\"\" src=\"https:\/\/typisch-region-hannover.de\/wp-content\/uploads\/2018\/02\/Burgwedel11-01.jpg\" class=\"img-responsive\"\/><\/a><\/span><div class=\"fusion-sep-clear\"><\/div><div class=\"fusion-separator fusion-full-width-sep sep-none\" style=\"border-color:#e0dede;margin-left: auto;margin-right: auto;margin-top:30px;margin-bottom:25px;\"><\/div><span class=\"fusion-imageframe imageframe-none imageframe-28 hover-type-zoomin\"><a class=\"fusion-no-lightbox\" href=\"https:\/\/typisch-region-hannover.de\/index.php\/burgwedel\/typisch-burgwedel-nr-10-vom-23-11-2017\/\" target=\"_blank\"> <img alt=\"\" src=\"https:\/\/typisch-region-hannover.de\/wp-content\/uploads\/2017\/12\/Burgwedel10-01.jpg\" class=\"img-responsive\"\/><\/a><\/span><div class=\"fusion-sep-clear\"><\/div><div class=\"fusion-separator fusion-full-width-sep sep-none\" style=\"border-color:#e0dede;margin-left: auto;margin-right: auto;margin-top:30px;margin-bottom:25px;\"><\/div><span class=\"fusion-imageframe imageframe-none imageframe-29 hover-type-zoomin\"><a class=\"fusion-no-lightbox\" href=\"https:\/\/typisch-region-hannover.de\/index.php\/burgwedel\/typisch-burgwedel-nr-9-vom-22-09-2017\/\" target=\"_blank\"> <img alt=\"\" src=\"https:\/\/typisch-region-hannover.de\/wp-content\/uploads\/2017\/09\/Burgwedel09-01.jpg\" class=\"img-responsive\"\/><\/a><\/span><div class=\"fusion-sep-clear\"><\/div><div class=\"fusion-separator fusion-full-width-sep sep-none\" style=\"border-color:#e0dede;margin-left: auto;margin-right: auto;margin-top:60px;margin-bottom:55px;\"><\/div><span class=\"fusion-imageframe imageframe-none imageframe-30 hover-type-zoomin\"><a class=\"fusion-no-lightbox\" href=\"https:\/\/typisch-region-hannover.de\/index.php\/burgwedel\/typisch-burgwedel-nr-8-vom-31-05-2017\/\" target=\"_blank\"> <img alt=\"\" src=\"https:\/\/typisch-region-hannover.de\/wp-content\/uploads\/2017\/05\/Burgwedel08-01.jpg\" class=\"img-responsive\"\/><\/a><\/span><div class=\"fusion-sep-clear\"><\/div><div class=\"fusion-separator fusion-full-width-sep sep-none\" style=\"border-color:#e0dede;margin-left: auto;margin-right: auto;margin-top:15px;margin-bottom:25px;\"><\/div><span class=\"fusion-imageframe imageframe-none imageframe-31 hover-type-zoomin\"><a class=\"fusion-no-lightbox\" href=\"https:\/\/typisch-region-hannover.de\/index.php\/burgwedel\/typisch-burgwedel-nr-7-vom-28-02-2017\/\" target=\"_blank\"> <img alt=\"\" src=\"https:\/\/typisch-region-hannover.de\/wp-content\/uploads\/2017\/02\/Burgwedel07-01.jpg\" class=\"img-responsive\"\/><\/a><\/span><div class=\"fusion-sep-clear\"><\/div><div class=\"fusion-separator fusion-full-width-sep sep-none\" style=\"border-color:#e0dede;margin-left: auto;margin-right: auto;margin-top:15px;margin-bottom:15px;\"><\/div><span class=\"fusion-imageframe imageframe-none imageframe-32 hover-type-zoomin\"><a class=\"fusion-no-lightbox\" href=\"https:\/\/typisch-region-hannover.de\/index.php\/burgwedel\/typisch-burgwedel-nr-6-vom-25-11-2016\/\" target=\"_blank\"> <img alt=\"\" src=\"https:\/\/typisch-region-hannover.de\/wp-content\/uploads\/2016\/11\/Burgwedel06-01.jpg\" class=\"img-responsive\"\/><\/a><\/span><div class=\"fusion-sep-clear\"><\/div><div class=\"fusion-separator fusion-full-width-sep sep-none\" style=\"border-color:#e0dede;margin-left: auto;margin-right: auto;margin-top:15px;margin-bottom:15px;\"><\/div><span class=\"fusion-imageframe imageframe-none imageframe-33 hover-type-zoomin\"><a class=\"fusion-no-lightbox\" href=\"https:\/\/typisch-region-hannover.de\/index.php\/burgwedel\/typisch-burgwedel-nr-5-vom-23-08-2016\/\" target=\"_blank\"> <img alt=\"\" src=\"https:\/\/typisch-region-hannover.de\/wp-content\/uploads\/2016\/08\/Burgwedel05_Seite01.jpg\" class=\"img-responsive\"\/><\/a><\/span><div class=\"fusion-sep-clear\"><\/div><div class=\"fusion-separator fusion-full-width-sep sep-none\" style=\"border-color:#e0dede;margin-left: auto;margin-right: auto;margin-top:15px;margin-bottom:15px;\"><\/div><span class=\"fusion-imageframe imageframe-none imageframe-34 hover-type-none\"><a class=\"fusion-no-lightbox\" href=\"https:\/\/typisch-region-hannover.de\/index.php\/burgwedel\/typisch-burgwedel-27-02-2016\/\" target=\"_blank\"> <img alt=\"Typisch Burgwedel No. 3\" src=\"https:\/\/typisch-region-hannover.de\/wp-content\/uploads\/2016\/02\/TypischBurgwedel03Seite01-1.jpg\" class=\"img-responsive\"\/><\/a><\/span><div class=\"fusion-sep-clear\"><\/div><div class=\"fusion-separator fusion-full-width-sep sep-none\" style=\"border-color:#e0dede;margin-left: auto;margin-right: auto;margin-top:15px;margin-bottom:15px;\"><\/div><span class=\"fusion-imageframe imageframe-none imageframe-35 hover-type-none\"><a class=\"fusion-no-lightbox\" href=\" https:\/\/typisch-region-hannover.de\/index.php\/burgwedel\/typisch-burgwedel-13-11-2015\/\" target=\"_blank\"> <img alt=\"\" src=\"https:\/\/typisch-region-hannover.de\/wp-content\/uploads\/2016\/01\/TypischBurgwedel2gross.jpg\" class=\"img-responsive\"\/><\/a><\/span><div class=\"fusion-sep-clear\"><\/div><div class=\"fusion-separator fusion-full-width-sep sep-none\" style=\"border-color:#e0dede;margin-left: auto;margin-right: auto;margin-top:15px;margin-bottom:15px;\"><\/div><span class=\"fusion-imageframe imageframe-none imageframe-36 hover-type-none\"><a class=\"fusion-no-lightbox\" href=\"https:\/\/typisch-region-hannover.de\/index.php\/burgwedel\/typisch-burgwedel-10-7-2015\/\" target=\"_blank\"> <img alt=\"\" src=\"https:\/\/typisch-region-hannover.de\/wp-content\/uploads\/2016\/01\/TypischBurgwedel1gross.jpg\" class=\"img-responsive\"\/><\/a><\/span><div class=\"fusion-sep-clear\"><\/div><div class=\"fusion-separator fusion-full-width-sep sep-none\" style=\"border-color:#e0dede;margin-left: auto;margin-right: auto;margin-top:15px;margin-bottom:15px;\"><\/div><span class=\"fusion-imageframe imageframe-none imageframe-37 hover-type-none\"><a class=\"fusion-no-lightbox\" href=\"https:\/\/typisch-region-hannover.de\/index.php\/burgwedel\/typisch-burgwedel-nr-4-vom-30-05-2016\/\" target=\"_blank\"> <img alt=\"\" src=\"https:\/\/typisch-region-hannover.de\/wp-content\/uploads\/2016\/05\/Burgwedel04Seite01.jpg\" class=\"img-responsive\"\/><\/a><\/span><div class=\"fusion-clearfix\"><\/div><\/div><\/div><div class=\"fusion-one-third one_third fusion-layout-column fusion-spacing-yes\" style=\"margin-top:0px;margin-bottom:20px;\"><div class=\"fusion-column-wrapper\"><span class=\"fusion-imageframe imageframe-none imageframe-38 hover-type-none\"> <img alt=\"\" src=\"\" class=\"img-responsive\"\/><\/span><div class=\"fusion-sep-clear\"><\/div><div class=\"fusion-separator fusion-full-width-sep sep-none\" style=\"border-color:#e0dede;margin-left: auto;margin-right: auto;margin-top:10px;\"><\/div><div class=\"fusion-title title fusion-title-size-two\"><h2 class=\"title-heading-left\">\n<p><a href=\"https:\/\/typisch-region-hannover.de\/index.php\/burgwedel\/typisch-burgwedel-37-vom-1-10-2024\/\" rel=\"noopener noreferrer\" target=\"_blank\">MAGAZIN Nr. 37 \/ Oktober 2024<\/a><\/p>\n<\/h2><div class=\"title-sep-container\"><div class=\"title-sep sep-double\"><\/div><\/div><\/div><div class=\"fusion-sep-clear\"><\/div><div class=\"fusion-separator fusion-full-width-sep sep-single\" style=\"border-color:#5a8727;border-top-width:1px;margin-left: auto;margin-right: auto;margin-top:305px;margin-bottom:20px;\"><\/div><span class=\"fusion-imageframe imageframe-none imageframe-39 hover-type-none\"> <img alt=\"\" src=\"\" class=\"img-responsive\"\/><\/span><div class=\"fusion-sep-clear\"><\/div><div class=\"fusion-separator fusion-full-width-sep sep-none\" style=\"border-color:#e0dede;margin-left: auto;margin-right: auto;margin-top:10px;\"><\/div><div class=\"fusion-title title fusion-title-size-two\"><h2 class=\"title-heading-left\">\n<p><a href=\"https:\/\/typisch-region-hannover.de\/index.php\/burgwedel\/typisch-burgwedel-36-vom-31-05-2024\/\" rel=\"noopener noreferrer\" target=\"_blank\">MAGAZIN Nr. 36 \/ Juni 2024<\/a><\/p>\n<\/h2><div class=\"title-sep-container\"><div class=\"title-sep sep-double\"><\/div><\/div><\/div><div class=\"fusion-sep-clear\"><\/div><div class=\"fusion-separator fusion-full-width-sep sep-single\" style=\"border-color:#5a8727;border-top-width:1px;margin-left: auto;margin-right: auto;margin-top:305px;margin-bottom:20px;\"><\/div><span class=\"fusion-imageframe imageframe-none imageframe-40 hover-type-none\"> <img alt=\"\" src=\"\" class=\"img-responsive\"\/><\/span><div class=\"fusion-sep-clear\"><\/div><div class=\"fusion-separator fusion-full-width-sep sep-none\" style=\"border-color:#e0dede;margin-left: auto;margin-right: auto;margin-top:10px;\"><\/div><div class=\"fusion-title title fusion-title-size-two\"><h2 class=\"title-heading-left\">\n<p><a href=\"https:\/\/typisch-region-hannover.de\/index.php\/burgwedel\/typisch-burgwedel-35-vom-28-02-2024\/\" rel=\"noopener noreferrer\" target=\"_blank\">MAGAZIN Nr. 35 \/ M\u00e4rz 2024<\/a><\/p>\n<\/h2><div class=\"title-sep-container\"><div class=\"title-sep sep-double\"><\/div><\/div><\/div><div class=\"fusion-sep-clear\"><\/div><div class=\"fusion-separator fusion-full-width-sep sep-single\" style=\"border-color:#5a8727;border-top-width:1px;margin-left: auto;margin-right: auto;margin-top:305px;margin-bottom:20px;\"><\/div><span class=\"fusion-imageframe imageframe-none imageframe-41 hover-type-none\"> <img alt=\"\" src=\"\" class=\"img-responsive\"\/><\/span><div class=\"fusion-sep-clear\"><\/div><div class=\"fusion-separator fusion-full-width-sep sep-none\" style=\"border-color:#e0dede;margin-left: auto;margin-right: auto;margin-top:10px;\"><\/div><div class=\"fusion-title title fusion-title-size-two\"><h2 class=\"title-heading-left\">\n<p><a href=\"https:\/\/typisch-region-hannover.de\/index.php\/burgwedel\/typisch-burgwedel-34-vom-29-11-2023\/\" rel=\"noopener noreferrer\" target=\"_blank\">MAGAZIN Nr. 34 \/ Dezember 2023<\/a><\/p>\n<\/h2><div class=\"title-sep-container\"><div class=\"title-sep sep-double\"><\/div><\/div><\/div><div class=\"fusion-sep-clear\"><\/div><div class=\"fusion-separator fusion-full-width-sep sep-single\" style=\"border-color:#5a8727;border-top-width:1px;margin-left: auto;margin-right: auto;margin-top:350px;margin-bottom:20px;\"><\/div><span class=\"fusion-imageframe imageframe-none imageframe-42 hover-type-none\"> <img alt=\"\" src=\"\" class=\"img-responsive\"\/><\/span><div class=\"fusion-sep-clear\"><\/div><div class=\"fusion-separator fusion-full-width-sep sep-none\" style=\"border-color:#e0dede;margin-left: auto;margin-right: auto;margin-top:10px;\"><\/div><div class=\"fusion-title title fusion-title-size-two\"><h2 class=\"title-heading-left\">\n<p><a href=\"https:\/\/typisch-region-hannover.de\/index.php\/burgwedel\/typisch-burgwedel-33-vom-27-09-2023\/\" rel=\"noopener noreferrer\" target=\"_blank\">MAGAZIN Nr. 33 \/ September 2023<\/a><\/p>\n<\/h2><div class=\"title-sep-container\"><div class=\"title-sep sep-double\"><\/div><\/div><\/div><div class=\"fusion-sep-clear\"><\/div><div class=\"fusion-separator fusion-full-width-sep sep-single\" style=\"border-color:#5a8727;border-top-width:1px;margin-left: auto;margin-right: auto;margin-top:360px;margin-bottom:20px;\"><\/div><span class=\"fusion-imageframe imageframe-none imageframe-43 hover-type-none\"> <img alt=\"\" src=\"\" class=\"img-responsive\"\/><\/span><div class=\"fusion-sep-clear\"><\/div><div class=\"fusion-separator fusion-full-width-sep sep-none\" style=\"border-color:#e0dede;margin-left: auto;margin-right: auto;margin-top:10px;\"><\/div><div class=\"fusion-title title fusion-title-size-two\"><h2 class=\"title-heading-left\">\n<p><a href=\"https:\/\/typisch-region-hannover.de\/index.php\/burgwedel\/typisch-burgwedel-32-vom-31-05-2023\/\" rel=\"noopener noreferrer\" target=\"_blank\">MAGAZIN Nr. 32 \/ Juni 2023<\/a><\/p>\n<\/h2><div class=\"title-sep-container\"><div class=\"title-sep sep-double\"><\/div><\/div><\/div><div class=\"fusion-sep-clear\"><\/div><div class=\"fusion-separator fusion-full-width-sep sep-single\" style=\"border-color:#5a8727;border-top-width:1px;margin-left: auto;margin-right: auto;margin-top:360px;margin-bottom:20px;\"><\/div><span class=\"fusion-imageframe imageframe-none imageframe-44 hover-type-none\"> <img alt=\"\" src=\"\" class=\"img-responsive\"\/><\/span><div class=\"fusion-sep-clear\"><\/div><div class=\"fusion-separator fusion-full-width-sep sep-none\" style=\"border-color:#e0dede;margin-left: auto;margin-right: auto;margin-top:10px;\"><\/div><div class=\"fusion-title title fusion-title-size-two\"><h2 class=\"title-heading-left\">\n<p><a href=\"https:\/\/typisch-region-hannover.de\/index.php\/burgwedel\/typisch-burgwedel-31-vom-28-02-2023\/\" rel=\"noopener noreferrer\" target=\"_blank\">MAGAZIN Nr. 31 \/ M\u00e4rz 2023<\/a><\/p>\n<\/h2><div class=\"title-sep-container\"><div class=\"title-sep sep-double\"><\/div><\/div><\/div><div class=\"fusion-sep-clear\"><\/div><div class=\"fusion-separator fusion-full-width-sep sep-single\" style=\"border-color:#5a8727;border-top-width:1px;margin-left: auto;margin-right: auto;margin-top:350px;margin-bottom:20px;\"><\/div><span class=\"fusion-imageframe imageframe-none imageframe-45 hover-type-none\"> <img alt=\"\" src=\"\" class=\"img-responsive\"\/><\/span><div class=\"fusion-sep-clear\"><\/div><div class=\"fusion-separator fusion-full-width-sep sep-none\" style=\"border-color:#e0dede;margin-left: auto;margin-right: auto;margin-top:10px;\"><\/div><div class=\"fusion-title title fusion-title-size-two\"><h2 class=\"title-heading-left\">\n<p><a href=\"https:\/\/typisch-region-hannover.de\/index.php\/burgwedel\/typisch-burgwedel-30-vom-23-11-2022\/\" rel=\"noopener noreferrer\" target=\"_blank\">MAGAZIN Nr. 30 \/ Dezember 2022<\/a><\/p>\n<\/h2><div class=\"title-sep-container\"><div class=\"title-sep sep-double\"><\/div><\/div><\/div><div class=\"fusion-sep-clear\"><\/div><div class=\"fusion-separator fusion-full-width-sep sep-single\" style=\"border-color:#5a8727;border-top-width:1px;margin-left: auto;margin-right: auto;margin-top:350px;margin-bottom:20px;\"><\/div><span class=\"fusion-imageframe imageframe-none imageframe-46 hover-type-none\"> <img alt=\"\" src=\"\" class=\"img-responsive\"\/><\/span><div class=\"fusion-sep-clear\"><\/div><div class=\"fusion-separator fusion-full-width-sep sep-none\" style=\"border-color:#e0dede;margin-left: auto;margin-right: auto;margin-top:10px;\"><\/div><div class=\"fusion-title title fusion-title-size-two\"><h2 class=\"title-heading-left\">\n<p><a href=\"https:\/\/typisch-region-hannover.de\/index.php\/burgwedel\/typisch-burgwedel-29-vom-28-September-2022\/\" rel=\"noopener noreferrer\" target=\"_blank\">MAGAZIN Nr. 29 \/ September 2022<\/a><\/p>\n<\/h2><div class=\"title-sep-container\"><div class=\"title-sep sep-double\"><\/div><\/div><\/div><div class=\"fusion-sep-clear\"><\/div><div class=\"fusion-separator fusion-full-width-sep sep-single\" style=\"border-color:#5a8727;border-top-width:1px;margin-left: auto;margin-right: auto;margin-top:350px;margin-bottom:20px;\"><\/div><span class=\"fusion-imageframe imageframe-none imageframe-47 hover-type-none\"> <img alt=\"\" src=\"\" class=\"img-responsive\"\/><\/span><div class=\"fusion-sep-clear\"><\/div><div class=\"fusion-separator fusion-full-width-sep sep-none\" style=\"border-color:#e0dede;margin-left: auto;margin-right: auto;margin-top:10px;\"><\/div><div class=\"fusion-title title fusion-title-size-two\"><h2 class=\"title-heading-left\">\n<p><a href=\"https:\/\/typisch-region-hannover.de\/index.php\/burgwedel\/typisch-burgwedel-28-vom-27-05-2022\/\" rel=\"noopener noreferrer\" target=\"_blank\">MAGAZIN Nr. 28 \/ Juni 2022<\/a><\/p>\n<\/h2><div class=\"title-sep-container\"><div class=\"title-sep sep-double\"><\/div><\/div><\/div><div class=\"fusion-sep-clear\"><\/div><div class=\"fusion-separator fusion-full-width-sep sep-single\" style=\"border-color:#5a8727;border-top-width:1px;margin-left: auto;margin-right: auto;margin-top:350px;margin-bottom:20px;\"><\/div><span class=\"fusion-imageframe imageframe-none imageframe-48 hover-type-none\"> <img alt=\"\" src=\"\" class=\"img-responsive\"\/><\/span><div class=\"fusion-sep-clear\"><\/div><div class=\"fusion-separator fusion-full-width-sep sep-none\" style=\"border-color:#e0dede;margin-left: auto;margin-right: auto;margin-top:10px;\"><\/div><div class=\"fusion-title title fusion-title-size-two\"><h2 class=\"title-heading-left\">\n<p><a href=\"https:\/\/typisch-region-hannover.de\/index.php\/burgwedel\/typisch-burgwedel-27-vom-26-02-2022\/\" rel=\"noopener noreferrer\" target=\"_blank\">MAGAZIN Nr. 27 \/ M\u00e4rz 2022<\/a><\/p>\n<\/h2><div class=\"title-sep-container\"><div class=\"title-sep sep-double\"><\/div><\/div><\/div><div class=\"fusion-sep-clear\"><\/div><div class=\"fusion-separator fusion-full-width-sep sep-single\" style=\"border-color:#5a8727;border-top-width:1px;margin-left: auto;margin-right: auto;margin-top:360px;margin-bottom:20px;\"><\/div><span class=\"fusion-imageframe imageframe-none imageframe-49 hover-type-none\"> <img alt=\"\" src=\"\" class=\"img-responsive\"\/><\/span><div class=\"fusion-sep-clear\"><\/div><div class=\"fusion-separator fusion-full-width-sep sep-none\" style=\"border-color:#e0dede;margin-left: auto;margin-right: auto;margin-top:10px;\"><\/div><div class=\"fusion-title title fusion-title-size-two\"><h2 class=\"title-heading-left\">\n<p><a href=\"https:\/\/typisch-region-hannover.de\/index.php\/burgwedel\/typisch-burgwedel-26-vom-24-11-2021\/\" rel=\"noopener noreferrer\" target=\"_blank\">MAGAZIN Nr. 26 \/ Dezamber 2021<\/a><\/p>\n<\/h2><div class=\"title-sep-container\"><div class=\"title-sep sep-double\"><\/div><\/div><\/div><div class=\"fusion-sep-clear\"><\/div><div class=\"fusion-separator fusion-full-width-sep sep-single\" style=\"border-color:#5a8727;border-top-width:1px;margin-left: auto;margin-right: auto;margin-top:360px;margin-bottom:20px;\"><\/div><span class=\"fusion-imageframe imageframe-none imageframe-50 hover-type-none\"> <img alt=\"\" src=\"\" class=\"img-responsive\"\/><\/span><div class=\"fusion-sep-clear\"><\/div><div class=\"fusion-separator fusion-full-width-sep sep-none\" style=\"border-color:#e0dede;margin-left: auto;margin-right: auto;margin-top:10px;\"><\/div><div class=\"fusion-title title fusion-title-size-two\"><h2 class=\"title-heading-left\">\n<p><a href=\"https:\/\/typisch-region-hannover.de\/index.php\/burgwedel\/typisch-burgwedel-25-vom-29-09-2021\/\" rel=\"noopener noreferrer\" target=\"_blank\">MAGAZIN Nr. 25 \/ Oktober 2021<\/a><\/p>\n<\/h2><div class=\"title-sep-container\"><div class=\"title-sep sep-double\"><\/div><\/div><\/div><div class=\"fusion-sep-clear\"><\/div><div class=\"fusion-separator fusion-full-width-sep sep-single\" style=\"border-color:#5a8727;border-top-width:1px;margin-left: auto;margin-right: auto;margin-top:360px;margin-bottom:20px;\"><\/div><span class=\"fusion-imageframe imageframe-none imageframe-51 hover-type-none\"> <img alt=\"\" src=\"\" class=\"img-responsive\"\/><\/span><div class=\"fusion-sep-clear\"><\/div><div class=\"fusion-separator fusion-full-width-sep sep-none\" style=\"border-color:#e0dede;margin-left: auto;margin-right: auto;margin-top:10px;\"><\/div><div class=\"fusion-title title fusion-title-size-two\"><h2 class=\"title-heading-left\">\n<p><a href=\"https:\/\/typisch-region-hannover.de\/index.php\/burgwedel\/typisch-burgwedel-24-vom-27-05-2021\/\" rel=\"noopener noreferrer\" target=\"_blank\">MAGAZIN Nr. 24 \/ Juni 2021<\/a><\/p>\n<\/h2><div class=\"title-sep-container\"><div class=\"title-sep sep-double\"><\/div><\/div><\/div><div class=\"fusion-sep-clear\"><\/div><div class=\"fusion-separator fusion-full-width-sep sep-single\" style=\"border-color:#5a8727;border-top-width:1px;margin-left: auto;margin-right: auto;margin-top:360px;margin-bottom:20px;\"><\/div><span class=\"fusion-imageframe imageframe-none imageframe-52 hover-type-none\"> <img alt=\"\" src=\"\" class=\"img-responsive\"\/><\/span><div class=\"fusion-sep-clear\"><\/div><div class=\"fusion-separator fusion-full-width-sep sep-none\" style=\"border-color:#e0dede;margin-left: auto;margin-right: auto;margin-top:10px;\"><\/div><div class=\"fusion-title title fusion-title-size-two\"><h2 class=\"title-heading-left\">\n<p><a href=\"https:\/\/typisch-region-hannover.de\/index.php\/burgwedel\/typisch-burgwedel-23-vom-27-02-2021\/\" rel=\"noopener noreferrer\" target=\"_blank\">MAGAZIN Nr. 23 \/ M\u00e4rz 2021<\/a><\/p>\n<\/h2><div class=\"title-sep-container\"><div class=\"title-sep sep-double\"><\/div><\/div><\/div><div class=\"fusion-sep-clear\"><\/div><div class=\"fusion-separator fusion-full-width-sep sep-single\" style=\"border-color:#5a8727;border-top-width:1px;margin-left: auto;margin-right: auto;margin-top:360px;margin-bottom:20px;\"><\/div><span class=\"fusion-imageframe imageframe-none imageframe-53 hover-type-none\"> <img alt=\"\" src=\"\" class=\"img-responsive\"\/><\/span><div class=\"fusion-sep-clear\"><\/div><div class=\"fusion-separator fusion-full-width-sep sep-none\" style=\"border-color:#e0dede;margin-left: auto;margin-right: auto;margin-top:10px;\"><\/div><div class=\"fusion-title title fusion-title-size-two\"><h2 class=\"title-heading-left\">\n<p><a href=\"https:\/\/typisch-region-hannover.de\/index.php\/burgwedel\/typisch-burgwedel-22-vom-30-11-2020\/\" rel=\"noopener noreferrer\" target=\"_blank\">MAGAZIN Nr. 22 \/ Dezember 2020<\/a><\/p>\n<\/h2><div class=\"title-sep-container\"><div class=\"title-sep sep-double\"><\/div><\/div><\/div><div class=\"fusion-sep-clear\"><\/div><div class=\"fusion-separator fusion-full-width-sep sep-single\" style=\"border-color:#5a8727;border-top-width:1px;margin-left: auto;margin-right: auto;margin-top:350px;margin-bottom:20px;\"><\/div><span class=\"fusion-imageframe imageframe-none imageframe-54 hover-type-none\"> <img alt=\"\" src=\"\" class=\"img-responsive\"\/><\/span><div class=\"fusion-sep-clear\"><\/div><div class=\"fusion-separator fusion-full-width-sep sep-none\" style=\"border-color:#e0dede;margin-left: auto;margin-right: auto;margin-top:10px;\"><\/div><div class=\"fusion-title title fusion-title-size-two\"><h2 class=\"title-heading-left\">\n<p><a href=\"https:\/\/typisch-region-hannover.de\/index.php\/burgwedel\/typisch-burgwedel-21-vom-30-09-2020\/\" rel=\"noopener noreferrer\" target=\"_blank\">MAGAZIN Nr. 21 \/ Oktober 2020<\/a><\/p>\n<\/h2><div class=\"title-sep-container\"><div class=\"title-sep sep-double\"><\/div><\/div><\/div><div class=\"fusion-sep-clear\"><\/div><div class=\"fusion-separator fusion-full-width-sep sep-single\" style=\"border-color:#5a8727;border-top-width:1px;margin-left: auto;margin-right: auto;margin-top:355px;margin-bottom:20px;\"><\/div><span class=\"fusion-imageframe imageframe-none imageframe-55 hover-type-none\"> <img alt=\"\" src=\"\" class=\"img-responsive\"\/><\/span><div class=\"fusion-sep-clear\"><\/div><div class=\"fusion-separator fusion-full-width-sep sep-none\" style=\"border-color:#e0dede;margin-left: auto;margin-right: auto;margin-top:10px;\"><\/div><div class=\"fusion-title title fusion-title-size-two\"><h2 class=\"title-heading-left\">\n<p><a href=\"https:\/\/typisch-region-hannover.de\/index.php\/burgwedel\/typisch-burgwedel-20-vom-29-05-2020\/\" rel=\"noopener noreferrer\" target=\"_blank\">MAGAZIN Nr. 20 \/ Juni 2020<\/a><\/p>\n<\/h2><div class=\"title-sep-container\"><div class=\"title-sep sep-double\"><\/div><\/div><\/div><div class=\"fusion-sep-clear\"><\/div><div class=\"fusion-separator fusion-full-width-sep sep-single\" style=\"border-color:#5a8727;border-top-width:1px;margin-left: auto;margin-right: auto;margin-top:355px;margin-bottom:20px;\"><\/div><span class=\"fusion-imageframe imageframe-none imageframe-56 hover-type-none\"> <img alt=\"\" src=\"\" class=\"img-responsive\"\/><\/span><div class=\"fusion-sep-clear\"><\/div><div class=\"fusion-separator fusion-full-width-sep sep-none\" style=\"border-color:#e0dede;margin-left: auto;margin-right: auto;margin-top:10px;\"><\/div><div class=\"fusion-title title fusion-title-size-two\"><h2 class=\"title-heading-left\">\n<p><a href=\"https:\/\/typisch-region-hannover.de\/index.php\/burgwedel\/typisch-burgwedel-19-vom-26-02-2020\/\" rel=\"noopener noreferrer\" target=\"_blank\">MAGAZIN Nr. 19 \/ M\u00e4rz 2020<\/a><\/p>\n<\/h2><div class=\"title-sep-container\"><div class=\"title-sep sep-double\"><\/div><\/div><\/div><div class=\"fusion-sep-clear\"><\/div><div class=\"fusion-separator fusion-full-width-sep sep-single\" style=\"border-color:#5a8727;border-top-width:1px;margin-left: auto;margin-right: auto;margin-top:360px;margin-bottom:20px;\"><\/div><span class=\"fusion-imageframe imageframe-none imageframe-57 hover-type-none\"> <img alt=\"\" src=\"https:\/\/typisch-region-hannover.de\/wp-content\/uploads\/2020\/02\/Burgwedel-Stimmungslandschaft.jpg\" class=\"img-responsive\"\/><\/span><div class=\"fusion-sep-clear\"><\/div><div class=\"fusion-separator fusion-full-width-sep sep-none\" style=\"border-color:#e0dede;margin-left: auto;margin-right: auto;margin-top:10px;\"><\/div><div class=\"fusion-title title fusion-title-size-two\"><h2 class=\"title-heading-left\">MAGAZIN Nr. 18 \/ November 2019<\/h2><div class=\"title-sep-container\"><div class=\"title-sep sep-double\"><\/div><\/div><\/div><p>Hauptthema dieser Ausgabe ist die Arbeit des Hegerings. Da geht es um Biodiversit\u00e4t, landschaftspr\u00e4gende Ma\u00dfnahmen und um den Tierbestand. Welche Arten von wildlebenden Tieren man in Burgwedel vorfinden kann, haben wir auch erfahren und stellen einige davon vor. Adventlich wird es auch in K\u00fcrze, hier finden Sie Termine und Veranstaltungen: <a href=\"https:\/\/typisch-region-hannover.de\/index.php\/burgwedel\/typisch-burgwedel-18-vom-23-11-2019\/\" target=\"_blank\" rel=\"noopener noreferrer\">im Magazin.<\/a><\/p>\n<div class=\"fusion-sep-clear\"><\/div><div class=\"fusion-separator fusion-full-width-sep sep-single\" style=\"border-color:#5a8727;border-top-width:1px;margin-left: auto;margin-right: auto;margin-top:60px;margin-bottom:20px;\"><\/div><span class=\"fusion-imageframe imageframe-none imageframe-58 hover-type-none\"> <img alt=\"\" src=\"https:\/\/typisch-region-hannover.de\/wp-content\/uploads\/2019\/10\/Burgwedel17-th.jpg\" class=\"img-responsive\"\/><\/span><div class=\"fusion-sep-clear\"><\/div><div class=\"fusion-separator fusion-full-width-sep sep-none\" style=\"border-color:#e0dede;margin-left: auto;margin-right: auto;margin-top:10px;\"><\/div><div class=\"fusion-title title fusion-title-size-two\"><h2 class=\"title-heading-left\">MAGAZIN Nr. 17 \/ Oktober 2019<\/h2><div class=\"title-sep-container\"><div class=\"title-sep sep-double\"><\/div><\/div><\/div><p>Es gibt nur wenige Ecken, an denen man legal in die Engenser Kiesgrube schauen kann &#8211; begleiten Sie uns auf einen Ausflug dorthin, wenn sich die Bl\u00e4tter f\u00e4rben. In Wettmar haben wir den \u00f6ffentlichen B\u00fccherschrank und waren auch noch bei einem besonderen Probenabend. Der Historische Tanzkreis trainierte Schrittfolgen aus l\u00e4ngst vergangenen Zeiten. Drei bunte Trafo-h\u00e4uschen der Avacon gibt es auf Burgwedeler Gebiet. Folgen Sie uns zu sehenswerten Gem\u00e4lden, die wir in Th\u00f6nse und Gro\u00dfburgwedel gefunden haben, <a href=\"https:\/\/typisch-region-hannover.de\/index.php\/burgwedel\/typisch-burgwedel-17-vom-28-09-2019\/\" target=\"_blank\" rel=\"noopener noreferrer\">im Magazin.<\/a><\/p>\n<div class=\"fusion-sep-clear\"><\/div><div class=\"fusion-separator fusion-full-width-sep sep-single\" style=\"border-color:#5a8727;border-top-width:1px;margin-left: auto;margin-right: auto;margin-top:10px;margin-bottom:20px;\"><\/div><span class=\"fusion-imageframe imageframe-none imageframe-59 hover-type-none\"> <img alt=\"\" src=\"https:\/\/typisch-region-hannover.de\/wp-content\/uploads\/2019\/06\/burgwedel16-th.jpg\" class=\"img-responsive\"\/><\/span><div class=\"fusion-sep-clear\"><\/div><div class=\"fusion-separator fusion-full-width-sep sep-none\" style=\"border-color:#e0dede;margin-left: auto;margin-right: auto;margin-top:10px;\"><\/div><div class=\"fusion-title title fusion-title-size-two\"><h2 class=\"title-heading-left\">MAGAZIN Nr. 16\/Mai 2019<br \/>\n<\/h2><div class=\"title-sep-container\"><div class=\"title-sep sep-double\"><\/div><\/div><\/div><p>Ein Wohnquartier, das zu einem karitativen Zweck gebaut wurde: \u00dcber das St. Christopher Resettlement, zu dem er ein lesenswertes Buch geschrieben hat, haben wir J\u00fcrgen Zimmer befragt. Das Kunstwerk auf Seite 1 erinnert an die Arbeit von Sue Ryder und die \u201edisplaced persons\u201c, denen sie geholfen hat. Wie aus Fundraising f\u00fcr ein Kunstprojekt die Initiative zur B\u00fcrgerstiftung entstand, erkl\u00e4rt der Vorsitzende Walter Heitmann.\u00a0 Der Raseneisenstein war einmal wichtiger Wirtschaftsfaktor f\u00fcr Burgwedel. <a href=\"https:\/\/typisch-region-hannover.de\/index.php\/burgwedel\/typisch-burgwedel-16-vom-24-05-2019\/\" target=\"_blank\" rel=\"noopener noreferrer\">Dies und mehr lesen Sie hier.<\/a><\/p>\n<div class=\"fusion-sep-clear\"><\/div><div class=\"fusion-separator fusion-full-width-sep sep-single\" style=\"border-color:#5a8727;border-top-width:1px;margin-left: auto;margin-right: auto;margin-top:35px;margin-bottom:20px;\"><\/div><span class=\"fusion-imageframe imageframe-none imageframe-60 hover-type-none\"> <img alt=\"Feld in Burgwedel\" src=\"https:\/\/typisch-region-hannover.de\/wp-content\/uploads\/2019\/03\/burgwedel15th.jpg\" class=\"img-responsive\"\/><\/span><div class=\"fusion-sep-clear\"><\/div><div class=\"fusion-separator fusion-full-width-sep sep-none\" style=\"border-color:#e0dede;margin-left: auto;margin-right: auto;margin-top:10px;\"><\/div><div class=\"fusion-title title fusion-title-size-two\"><h2 class=\"title-heading-left\">MAGAZIN Nr. 15\/M\u00e4rz 2019<br \/>\n<\/h2><div class=\"title-sep-container\"><div class=\"title-sep sep-double\"><\/div><\/div><\/div><p>Burgwedel auf besonderen Pfaden entdecken &#8211; die neuen Stationen des W\u00fcrmsee- Erlebnispfades oder der Grundwassererlebnispfad. Oder eine unterhaltsame Tour mit Burgwedels G\u00e4stef\u00fchrerinnen, Heide Manz und Jutta Magnus. Ein Reisebericht \u00fcber Texas, gleich hinter Wettmar. Historisches \u00fcber Hermann L\u00f6ns und die Burgwedeler W\u00e4lder und den ber\u00fchmten Roman \u201eDer Wehrwolf\u201c. Au\u00dferdem die Antwort auf die Frage: \u201eWas darf man eigentlich im Wald? <a href=\"https:\/\/typisch-region-hannover.de\/index.php\/burgwedel\/typisch-burgwedel-15-vom-27-02-2019\/\" target=\"_blank\" rel=\"noopener noreferrer\">Dies und mehr lesen Sie hier.<\/a><\/p>\n<div class=\"fusion-sep-clear\"><\/div><div class=\"fusion-separator fusion-full-width-sep sep-single\" style=\"border-color:#5a8727;border-top-width:1px;margin-left: auto;margin-right: auto;margin-top:20px;margin-bottom:20px;\"><\/div><span class=\"fusion-imageframe imageframe-none imageframe-61 hover-type-none\"> <img alt=\"Fenster der kath. Kirche in Burgwedel\" src=\"https:\/\/typisch-region-hannover.de\/wp-content\/uploads\/2019\/03\/katholische-kirche-burgwedel.jpg\" class=\"img-responsive\"\/><\/span><div class=\"fusion-sep-clear\"><\/div><div class=\"fusion-separator fusion-full-width-sep sep-none\" style=\"border-color:#e0dede;margin-left: auto;margin-right: auto;margin-top:10px;\"><\/div><div class=\"fusion-title title fusion-title-size-two\"><h2 class=\"title-heading-left\">MAGAZIN Nr. 14\/Dezember 2018<br \/>\n<\/h2><div class=\"title-sep-container\"><div class=\"title-sep sep-double\"><\/div><\/div><\/div><p>B\u00fccher mit Burgwedeler Lokalkolorit sind die Krimis und Geschichten von Christian Oehlschl\u00e4ger. Wir haben uns mit dem Autor im Wald getroffen &#8211; dort, wo er als F\u00f6rster t\u00e4tig ist und auch Inspirationen findet. Die katholische Kirchengemeinde in Burgwedel haben wir besucht und ein engagiertes Team kennengelernt. Beeindruckt hat uns die Arbeit der Brasilien-Ugandahilfe, die Anfang 2019 Jubil\u00e4um feiert. Wie funktionieren eigentlich die \u201eB\u00fcrgertipps der Stadt Burgwedel? Wir berichten \u00fcber das Portal&#8230; <a href=\"https:\/\/typisch-region-hannover.de\/index.php\/burgwedel\/typisch-burgwedel-14-vom-30-11-2018\/\" target=\"_blank\" rel=\"noopener noreferrer\">Dies und mehr lesen Sie hier.<\/a><\/p>\n<div class=\"fusion-sep-clear\"><\/div><div class=\"fusion-separator fusion-full-width-sep sep-single\" style=\"border-color:#5a8727;border-top-width:1px;margin-left: auto;margin-right: auto;margin-top:45px;margin-bottom:15px;\"><\/div><span class=\"fusion-imageframe imageframe-none imageframe-62 hover-type-none\"> <img alt=\"\" src=\"https:\/\/typisch-region-hannover.de\/wp-content\/uploads\/2018\/11\/burgwedel13th.jpg\" class=\"img-responsive\"\/><\/span><div class=\"fusion-sep-clear\"><\/div><div class=\"fusion-separator fusion-full-width-sep sep-none\" style=\"border-color:#e0dede;margin-left: auto;margin-right: auto;margin-top:10px;\"><\/div><div class=\"fusion-title title fusion-title-size-two\"><h2 class=\"title-heading-left\">MAGAZIN Nr. 13\/September 2018<br \/>\n<\/h2><div class=\"title-sep-container\"><div class=\"title-sep sep-double\"><\/div><\/div><\/div><p>Burgwedel ohne Eisenbahn und Autobahn \u2013 das kann man sich kaum vorstellen. \u00dcber die Mobilit\u00e4tsgeschichte erfahren Sie mehr auf den Seiten 4 bis 7. Auf den Mittelseiten erfahren Sie in dieser Ausgabe, welcher Sinn sich hinter den Wappenmotiven der Ortsteile verbirgt. Den Golfpark hat Patricia Chadde f\u00fcr uns besucht und sch\u00f6ne Bilder mitgebracht. Sie hat auch das NABU-Vogelschutzgeh\u00f6lz erkundet und berichtet, welche wichtige Arbeit dort geleistet wird.\u00a0<a href=\"https:\/\/typisch-region-hannover.de\/index.php\/burgwedel\/typisch-burgwedel-13-vom-28-09-2018\/\" target=\"_blank\" rel=\"noopener noreferrer\">Dies und mehr lesen Sie hier.<\/a><\/p>\n<div class=\"fusion-sep-clear\"><\/div><div class=\"fusion-separator fusion-full-width-sep sep-none\" style=\"border-color:#e0dede;margin-left: auto;margin-right: auto;margin-top:px;margin-bottom:10px;\"><\/div><div class=\"fusion-sep-clear\"><\/div><div class=\"fusion-separator fusion-full-width-sep sep-single\" style=\"border-color:#5a8727;border-top-width:1px;margin-left: auto;margin-right: auto;margin-top:5px;margin-bottom:35px;\"><\/div><span class=\"fusion-imageframe imageframe-none imageframe-63 hover-type-none\"> <img alt=\"\" src=\"https:\/\/typisch-region-hannover.de\/wp-content\/uploads\/2018\/11\/burgwedel12-th.jpg\" class=\"img-responsive\"\/><\/span><div class=\"fusion-sep-clear\"><\/div><div class=\"fusion-separator fusion-full-width-sep sep-none\" style=\"border-color:#e0dede;margin-left: auto;margin-right: auto;margin-top:10px;\"><\/div><div class=\"fusion-title title fusion-title-size-two\"><h2 class=\"title-heading-left\">MAGAZIN Nr. 12\/Mai 2018<br \/>\n<\/h2><div class=\"title-sep-container\"><div class=\"title-sep sep-double\"><\/div><\/div><\/div><p>Die Wietzeniederung, Ahnenforschung und die Arbeit der Burgwedeler Imker stehen im Zentrum dieser Ausgabe.<br \/>\nWir haben einen Rundweg f\u00fcr Sie ausprobiert, der von Fuhrberg aus durch\u2019s Gr\u00fcn und dann in lauschigen Schleifen<br \/>\nimmer an der Wietze entlang f\u00fchrt. Unser Tipp f\u00fcr warme Abende \u2013 mit dem Rad oder zu Fu\u00df. Ahnenforschung ist voll im Trend \u2013 in allen Generationen. Wie einfach ist es, Burgwedeler Ahnen in fr\u00fcheren Jahrhunderten zu finden? Bienen und ihr Wert f\u00fcr das \u00f6kologische Gleichgewicht sind derzeit ein vielbeachtetes Thema. Wir haben die Burgwedeler Imker besucht.\u00a0<a href=\"https:\/\/typisch-region-hannover.de\/index.php\/burgwedel\/typisch-burgwedel-nr-12-vom-25-05-2018\/\" target=\"_blank\" rel=\"noopener noreferrer\">Dies und mehr lesen Sie hier.<\/a><\/p>\n<div class=\"fusion-sep-clear\"><\/div><div class=\"fusion-separator fusion-full-width-sep sep-none\" style=\"border-color:#e0dede;margin-left: auto;margin-right: auto;margin-top:px;margin-bottom:10px;\"><\/div><div class=\"fusion-sep-clear\"><\/div><div class=\"fusion-separator fusion-full-width-sep sep-single\" style=\"border-color:#5a8727;border-top-width:1px;margin-left: auto;margin-right: auto;margin-top:15px;margin-bottom:20px;\"><\/div><span class=\"fusion-imageframe imageframe-none imageframe-64 hover-type-none\"> <img alt=\"\" src=\"https:\/\/typisch-region-hannover.de\/wp-content\/uploads\/2018\/11\/burgwedel-11th.jpg\" class=\"img-responsive\"\/><\/span><div class=\"fusion-sep-clear\"><\/div><div class=\"fusion-separator fusion-full-width-sep sep-none\" style=\"border-color:#e0dede;margin-left: auto;margin-right: auto;margin-top:10px;\"><\/div><div class=\"fusion-title title fusion-title-size-two\"><h2 class=\"title-heading-left\">MAGAZIN Nr. 11\/M\u00e4rz 2018<br \/>\n<\/h2><div class=\"title-sep-container\"><div class=\"title-sep sep-double\"><\/div><\/div><\/div><p>In der Heinrich-W\u00f6hler-Stra\u00dfe haben wir die Heimatstube besucht. Sie geh\u00f6rt der General-W\u00f6hler-Stiftung. Wir haben uns das Bauernhausmuseum angeschaut, mit dem Sitftungsvorsitzenden J\u00fcrgen Veth \u00fcber die Ziele und Stiftungszwecke gesprochen und uns auf die Spuren der Familie W\u00f6hler begeben.\u00a0Au\u00dferdem sind wir dem Lauf des Tiefenbruchgrabens gefolgt, der eine wichtige Funktion einnimmt und haben viel \u00fcber das Tiefe Bruch erfahren, das ihm den Namen gibt.\u00a0<a href=\"https:\/\/typisch-region-hannover.de\/index.php\/burgwedel\/typisch-burgwedel-nr-11-vom-27-02-2018\/\" target=\"_blank\" rel=\"noopener noreferrer\">Dies und mehr lesen Sie hier.<\/a><\/p>\n<div class=\"fusion-sep-clear\"><\/div><div class=\"fusion-separator fusion-full-width-sep sep-none\" style=\"border-color:#e0dede;margin-left: auto;margin-right: auto;margin-top:px;margin-bottom:10px;\"><\/div><div class=\"fusion-sep-clear\"><\/div><div class=\"fusion-separator fusion-full-width-sep sep-single\" style=\"border-color:#5a8727;border-top-width:1px;margin-left: auto;margin-right: auto;margin-top:5px;margin-bottom:50px;\"><\/div><span class=\"fusion-imageframe imageframe-none imageframe-65 hover-type-none\"> <img alt=\"Am W\u00fcrmsee\" src=\"https:\/\/typisch-region-hannover.de\/wp-content\/uploads\/2017\/11\/burgwedel10-wuermseeth.jpg\" class=\"img-responsive\"\/><\/span><div class=\"fusion-sep-clear\"><\/div><div class=\"fusion-separator fusion-full-width-sep sep-none\" style=\"border-color:#e0dede;margin-left: auto;margin-right: auto;margin-top:10px;\"><\/div><div class=\"fusion-title title fusion-title-size-two\"><h2 class=\"title-heading-left\">MAGAZIN Nr. 10\/November 2017<br \/>\n<\/h2><div class=\"title-sep-container\"><div class=\"title-sep sep-double\"><\/div><\/div><\/div><p>Wer waren die Familien von Eltz, von Alten und von dem Bussche, denen in Burgwedel Stra\u00dfen gewidmet wurden? Wir schauen zur\u00fcck in die Zeit, als Amtsv\u00f6gte in Burgwedel wirkten, stellen die Familien vor und erkunden die Geschichten hinter den Denkmalsteinen. F\u00fcr zauberhafte Herbstansichten haben wir den W\u00fcrmsee besucht, der sich seit unserer letzten Fotovisite positiv ver\u00e4ndert hat. Seit der ersten Ausgabe, in der wir uns der Frage widmeten, was statistisch typisch f\u00fcr die Stadt ist, sind mehr als zwei Jahre vergangen. Ein guter Grund, neues Zahlenmaterial zu durchforsten. Und wieder haben wir positive Superlative f\u00fcr Burgwedel entdeckt.\u00a0<a href=\"https:\/\/typisch-region-hannover.de\/index.php\/burgwedel\/typisch-burgwedel-nr-10-vom-23-11-2017\/\" target=\"_blank\" rel=\"noopener noreferrer\">Dies und mehr lesen Sie hier.<\/a><\/p>\n<div class=\"fusion-sep-clear\"><\/div><div class=\"fusion-separator fusion-full-width-sep sep-none\" style=\"border-color:#e0dede;margin-left: auto;margin-right: auto;margin-top:px;margin-bottom:10px;\"><\/div><div class=\"fusion-sep-clear\"><\/div><div class=\"fusion-separator fusion-full-width-sep sep-single\" style=\"border-color:#5a8727;border-top-width:1px;margin-left: auto;margin-right: auto;margin-top:5px;margin-bottom:15px;\"><\/div><span class=\"fusion-imageframe imageframe-none imageframe-66 hover-type-none\"> <img alt=\"\" src=\"https:\/\/typisch-region-hannover.de\/wp-content\/uploads\/2016\/01\/burgwedel09th.jpg\" class=\"img-responsive\"\/><\/span><div class=\"fusion-sep-clear\"><\/div><div class=\"fusion-separator fusion-full-width-sep sep-none\" style=\"border-color:#e0dede;margin-left: auto;margin-right: auto;margin-top:px;margin-bottom:10px;\"><\/div><div class=\"fusion-title title fusion-title-size-two\" style=\"margin-bottom:10;\"><h2 class=\"title-heading-left\">MAGAZIN Nr. 9\/September 2017<\/h2><div class=\"title-sep-container\"><div class=\"title-sep sep-double\"><\/div><\/div><\/div><p>\u201eDurch Fuhrberg nach Sizilien\u201c klingt kurios, folgen Sie uns auf der Etappe \u201eCelle &#8211; Wennebostel\u201c des Fernwanderweges E 1. Post vom Wasserverband Nordhannover bekommen Sie sicher auch. Dass der Wasserverband in Wettmar seinen Sitz hat, m\u00f6gen viele Menschen auch noch wissen. Doch was sind die Aufgaben des Verbandes und wem geh\u00f6rt der lokale Wasserversorgungstr\u00e4ger. Volker Krebs hat uns die Einrichtungen des Wasserverbandes gezeigt und erl\u00e4utert. Schlie\u00dflich haben wir noch eine alte Telefonzelle besucht, die einerseits nostalgische Gedanken aufkommen l\u00e4sst an die Zeit, als man noch mit Kleingeld im gelben H\u00e4uschen stand. Andererseits haben wir dort vielseitigen Lesestoff entdeckt, den es zum Nulltarif gibt. Begleiten Sie uns in die Burgwedeler B\u00fccher-Box.\u00a0<a href=\"https:\/\/typisch-region-hannover.de\/index.php\/burgwedel\/typisch-burgwedel-nr-9-vom-22-09-2017\/\" target=\"_blank\" rel=\"noopener noreferrer\">Dies und mehr lesen Sie hier.<\/a><\/p>\n<div class=\"fusion-sep-clear\"><\/div><div class=\"fusion-separator fusion-full-width-sep sep-none\" style=\"border-color:#e0dede;margin-left: auto;margin-right: auto;margin-top:px;margin-bottom:10px;\"><\/div><div class=\"fusion-sep-clear\"><\/div><div class=\"fusion-separator fusion-full-width-sep sep-single\" style=\"border-color:#5a8727;border-top-width:1px;margin-left: auto;margin-right: auto;margin-top:5px;margin-bottom:15px;\"><\/div><span class=\"fusion-imageframe imageframe-none imageframe-67 hover-type-none\"> <img alt=\"\" src=\"https:\/\/typisch-region-hannover.de\/wp-content\/uploads\/2016\/01\/burgwedel08th.jpg\" class=\"img-responsive\"\/><\/span><div class=\"fusion-sep-clear\"><\/div><div class=\"fusion-separator fusion-full-width-sep sep-none\" style=\"border-color:#e0dede;margin-left: auto;margin-right: auto;margin-top:px;margin-bottom:10px;\"><\/div><div class=\"fusion-title title fusion-title-size-two\" style=\"margin-bottom:10;\"><h2 class=\"title-heading-left\">MAGAZIN Nr. 8\/Juni 2017<\/h2><div class=\"title-sep-container\"><div class=\"title-sep sep-double\"><\/div><\/div><\/div><p>Ein Pony-Gest\u00fct, der kleine waldige Lahberg und die Herkunft der Ortsnamen sind die Themen unserer Fr\u00fchlingsausgabe. Einen entspannten Nachmittag mit der Kamera haben wir auf dem Gest\u00fct Avalon am Ortsrand von Engensen verbracht. Heidrun Rathmann und ihre Familie bieten schon seit mehr als 20 Jahren mehr als nur Reitunterricht an. Hier werden auch h\u00fcbsche Ponies<br \/>\ngez\u00fcchtet, die ideal sind, damit Kinder darauf ihre ersten Reiterfahrungen machen. Und au\u00dferdem stellt der PSV Wulbecktal, der auf dem Gest\u00fct beheimatet ist, schon seit Jahren einen gro\u00dfen Teil der Nationalmannschaft im Polocrosse. Auf den Seiten 7 bis 12 widmen wir uns den vielseitigen Themen rund um das Reiten in Engensen.\u00a0<a href=\"https:\/\/typisch-region-hannover.de\/index.php\/burgwedel\/typisch-burgwedel-nr-8-vom-31-05-2017\/\" target=\"_blank\" rel=\"noopener noreferrer\">Dies und mehr lesen Sie hier.<\/a><\/p>\n<div class=\"fusion-sep-clear\"><\/div><div class=\"fusion-separator fusion-full-width-sep sep-none\" style=\"border-color:#e0dede;margin-left: auto;margin-right: auto;margin-top:px;margin-bottom:40px;\"><\/div><div class=\"fusion-sep-clear\"><\/div><div class=\"fusion-separator fusion-full-width-sep sep-single\" style=\"border-color:#5a8727;border-top-width:1px;margin-left: auto;margin-right: auto;margin-top:5px;margin-bottom:15px;\"><\/div><span class=\"fusion-imageframe imageframe-none imageframe-68 hover-type-none\"> <img alt=\"\" src=\"https:\/\/typisch-region-hannover.de\/wp-content\/uploads\/2017\/02\/burgwedel7th.jpg\" class=\"img-responsive\"\/><\/span><div class=\"fusion-sep-clear\"><\/div><div class=\"fusion-separator fusion-full-width-sep sep-none\" style=\"border-color:#e0dede;margin-left: auto;margin-right: auto;margin-top:px;margin-bottom:10px;\"><\/div><div class=\"fusion-title title fusion-title-size-two\" style=\"margin-bottom:10;\"><h2 class=\"title-heading-left\">MAGAZIN Nr. 7\/M\u00e4rz 2017<\/h2><div class=\"title-sep-container\"><div class=\"title-sep sep-double\"><\/div><\/div><\/div><p>Nur wenige Meter hinter den von uns besuchten Tunnelzelten des Landwirtschaftsbetriebes Heuer haben wir fast vergessene Kunst gefunden &#8211; drei verwitterte Pyramiden am Windrad \u201eCalendula\u201c. Am Rahden warten die Ger\u00e4te des Fitnessparcours darauf, genutzt zu werden um fr\u00fchlingsfit zu sein. \u00a0Eine gr\u00f6\u00dfere Reportage haben wir in dieser Ausgabe der Pestalozzi-Stiftung gewidmet. Interessant und beeindruckend sind die Einblicke in die Arbeit mit Behinderten. Die Pestalozzi-Stiftung ist schon seit 113 Jahren in Burgwedel ans\u00e4ssig und stellt, mit ihren Arbeitspl\u00e4tzen und Bewohnern, auch einen Wirtschaftsfaktor in der Stadt dar.\u00a0<a href=\"https:\/\/typisch-region-hannover.de\/index.php\/burgwedel\/typisch-burgwedel-nr-7-vom-28-02-2017\/\" target=\"_blank\" rel=\"noopener noreferrer\">Dies und mehr lesen Sie hier.<\/a><\/p>\n<div class=\"fusion-sep-clear\"><\/div><div class=\"fusion-separator fusion-full-width-sep sep-none\" style=\"border-color:#e0dede;margin-left: auto;margin-right: auto;margin-top:px;margin-bottom:10px;\"><\/div><div class=\"fusion-sep-clear\"><\/div><div class=\"fusion-separator fusion-full-width-sep sep-single\" style=\"border-color:#5a8727;border-top-width:1px;margin-left: auto;margin-right: auto;margin-top:5px;margin-bottom:15px;\"><\/div><span class=\"fusion-imageframe imageframe-none imageframe-69 hover-type-none\"> <img alt=\"\" src=\"https:\/\/typisch-region-hannover.de\/wp-content\/uploads\/2016\/11\/burgwedel6-advent.jpg\" class=\"img-responsive\"\/><\/span><div class=\"fusion-sep-clear\"><\/div><div class=\"fusion-separator fusion-full-width-sep sep-none\" style=\"border-color:#e0dede;margin-left: auto;margin-right: auto;margin-top:px;margin-bottom:10px;\"><\/div><div class=\"fusion-title title fusion-title-size-two\" style=\"margin-bottom:10;\"><h2 class=\"title-heading-left\">MAGAZIN Nr. 6\/2016<\/h2><div class=\"title-sep-container\"><div class=\"title-sep sep-double\"><\/div><\/div><\/div><p>Wir haben den plattdeutschen Gespr\u00e4chskreis in Wettmar besucht und nach niederdeutschen Spuren in Burgwedel geschaut. Testen Sie doch mal, wie viel Sie vom Niederdeutschen verstehen! F\u00fcr diese Ausgabe sind wir dem Lauf der Hengstbeeke gefolgt, die in ihrem Oberlauf \u201eWedel\u201c hei\u00dft und zeigen den Bach, der auf seiner gesamten L\u00e4nge bis zur M\u00fcndung in die Wietze durch Burgwedel flie\u00dft. Wir haben uns ausf\u00fchrlich in der B\u00fccherei umgeschaut und einen gro\u00dfen Schatz an Lesbarem, H\u00f6rbarem und Spielbarem vorgefunden.\u00a0<a href=\"https:\/\/typisch-region-hannover.de\/index.php\/burgwedel\/typisch-burgwedel-nr-6-vom-25-11-2016\/\" target=\"_blank\" rel=\"noopener noreferrer\">Dies und mehr lesen Sie hier.<\/a><\/p>\n<div class=\"fusion-sep-clear\"><\/div><div class=\"fusion-separator fusion-full-width-sep sep-none\" style=\"border-color:#e0dede;margin-left: auto;margin-right: auto;margin-top:px;margin-bottom:10px;\"><\/div><div class=\"fusion-sep-clear\"><\/div><div class=\"fusion-separator fusion-full-width-sep sep-single\" style=\"border-color:#5a8727;border-top-width:1px;margin-left: auto;margin-right: auto;margin-top:5px;margin-bottom:15px;\"><\/div><span class=\"fusion-imageframe imageframe-none imageframe-70 hover-type-none\"> <img alt=\"\" src=\"https:\/\/typisch-region-hannover.de\/wp-content\/uploads\/2016\/08\/burgwedel5thumb.jpg\" class=\"img-responsive\"\/><\/span><div class=\"fusion-sep-clear\"><\/div><div class=\"fusion-separator fusion-full-width-sep sep-none\" style=\"border-color:#e0dede;margin-left: auto;margin-right: auto;margin-top:px;margin-bottom:10px;\"><\/div><div class=\"fusion-title title fusion-title-size-two\" style=\"margin-bottom:10;\"><h2 class=\"title-heading-left\">MAGAZIN Nr. 5\/2016<\/h2><div class=\"title-sep-container\"><div class=\"title-sep sep-double\"><\/div><\/div><\/div><p>Gleich 4 Siedlungen au\u00dferhalb des Kerndorfes geh\u00f6ren zu\u00a0Kleinburgwedel. Wir haben die \u201eAu\u00dfenstellen\u201c f\u00fcr Sie besucht,\u00a0viel Natur, einen gut gef\u00fcllten W\u00fcrmsee und Wohngebiete mit\u00a0edlen Villen, kleinen Holzh\u00fctten und gro\u00dfen G\u00e4rten entdeckt\u00a0und zeigen\u00a0Impressionen aus den Siedlungen. Das Heideheim liegt in der Wietzesiedlung und geh\u00f6rt\u00a0zu Burgwedel. Dort k\u00f6nnen Kinder w\u00e4hrend ihres Aufenthaltes viel erleben , denn es wird mit gro\u00dfem Engagement gef\u00fchrt. \u00a0<a href=\"https:\/\/typisch-region-hannover.de\/index.php\/burgwedel\/typisch-burgwedel-nr-5-vom-23-08-2016\/\" target=\"_blank\" rel=\"noopener noreferrer\">Dies und mehr lesen Sie hier.<\/a><\/p>\n<div class=\"fusion-sep-clear\"><\/div><div class=\"fusion-separator fusion-full-width-sep sep-none\" style=\"border-color:#e0dede;margin-left: auto;margin-right: auto;margin-top:px;margin-bottom:10px;\"><\/div><div class=\"fusion-sep-clear\"><\/div><div class=\"fusion-separator fusion-full-width-sep sep-single\" style=\"border-color:#5a8727;border-top-width:1px;margin-left: auto;margin-right: auto;margin-top:5px;margin-bottom:15px;\"><\/div><span class=\"fusion-imageframe imageframe-none imageframe-71 hover-type-none\"> <img alt=\"\" src=\"https:\/\/typisch-region-hannover.de\/wp-content\/uploads\/2016\/08\/burgwedel4thumb.jpg\" class=\"img-responsive\"\/><\/span><div class=\"fusion-sep-clear\"><\/div><div class=\"fusion-separator fusion-full-width-sep sep-none\" style=\"border-color:#e0dede;margin-left: auto;margin-right: auto;margin-top:px;margin-bottom:10px;\"><\/div><div class=\"fusion-title title fusion-title-size-two\" style=\"margin-bottom:10;\"><h2 class=\"title-heading-left\">MAGAZIN Nr. 4\/2016<\/h2><div class=\"title-sep-container\"><div class=\"title-sep sep-double\"><\/div><\/div><\/div><p>Die Fr\u00fchlingsausgabe stellt Ihnen die Waldfl\u00e4chen Burgwedels vor. Mit einem Anteil von 38% sind sie wirklich &#8222;Typisch Burgwedel&#8220;. Der Mai ist fast vorbei und die B\u00e4ume haben erfolgreich ausgeschlagen. Mit daf\u00fcr verantwortlich sind auch die F\u00f6rster die uns begleiteten und viele interessante Hinweise gaben. Auch auf die Historie: ohne Forstbetrieb g\u00e4be es diese W\u00e4lder nicht &#8211; und sie waren bereits einmal weg&#8230; \u00a0<a href=\"https:\/\/typisch-region-hannover.de\/index.php\/burgwedel\/typisch-burgwedel-nr-4-vom-30-05-2016\/\" target=\"_blank\" rel=\"noopener noreferrer\">Das komplette Magazin gibt es hier.<\/a><\/p>\n<div class=\"fusion-sep-clear\"><\/div><div class=\"fusion-separator fusion-full-width-sep sep-none\" style=\"border-color:#e0dede;margin-left: auto;margin-right: auto;margin-top:20px;margin-bottom:25px;\"><\/div><div class=\"fusion-sep-clear\"><\/div><div class=\"fusion-separator fusion-full-width-sep sep-single\" style=\"border-color:#5a8727;border-top-width:1px;margin-left: auto;margin-right: auto;margin-top:15px;margin-bottom:15px;\"><\/div><span class=\"fusion-imageframe imageframe-none imageframe-72 hover-type-none\"> <img alt=\"\" src=\"https:\/\/typisch-region-hannover.de\/wp-content\/uploads\/2016\/01\/Springhorstsee-breit.jpg\" class=\"img-responsive\"\/><\/span><div class=\"fusion-sep-clear\"><\/div><div class=\"fusion-separator fusion-full-width-sep sep-none\" style=\"border-color:#e0dede;margin-left: auto;margin-right: auto;margin-top:px;margin-bottom:10px;\"><\/div><div class=\"fusion-title title fusion-title-size-two\" style=\"margin-bottom:10;\"><h2 class=\"title-heading-left\">MAGAZIN Nr. 3\/2016<\/h2><div class=\"title-sep-container\"><div class=\"title-sep sep-double\"><\/div><\/div><\/div><p>Das malerische Oldhorster Moor im Winter haben wir f\u00fcr Sie besucht. Camper am Springhorstsee berichten uns, was sie an Burgwedel in jeder Jahreszeit sch\u00f6n finden. Die sch\u00f6ne Wettmarer Kirche wird vorgestellt. Ausserdem erfahren Sie etwas \u00fcber den \u201eKrimischauplatz\u201c Munitionsdepot und die Geschichte des K\u00f6nigsteins. <a href=\"https:\/\/typisch-region-hannover.de\/index.php\/burgwedel\/typisch-burgwedel-27-02-2016\/\" target=\"_blank\" rel=\"noopener noreferrer\">Das komplette Magazin gibt es hier.<\/a><\/p>\n<div class=\"fusion-sep-clear\"><\/div><div class=\"fusion-separator fusion-full-width-sep sep-none\" style=\"border-color:#e0dede;margin-left: auto;margin-right: auto;margin-top:px;margin-bottom:5px;\"><\/div><div class=\"fusion-sep-clear\"><\/div><div class=\"fusion-separator fusion-full-width-sep sep-single\" style=\"border-color:#5a8727;border-top-width:1px;margin-left: auto;margin-right: auto;margin-top:5px;margin-bottom:20px;\"><\/div><span class=\"fusion-imageframe imageframe-none imageframe-73 hover-type-none\"> <img alt=\"\" src=\"https:\/\/typisch-region-hannover.de\/wp-content\/uploads\/2016\/01\/burgwedel02th.jpg\" class=\"img-responsive\"\/><\/span><div class=\"fusion-sep-clear\"><\/div><div class=\"fusion-separator fusion-full-width-sep sep-none\" style=\"border-color:#e0dede;margin-left: auto;margin-right: auto;margin-top:px;margin-bottom:10px;\"><\/div><div class=\"fusion-title title fusion-title-size-two\" style=\"margin-bottom:10;\"><h2 class=\"title-heading-left\">MAGAZIN Nr. 2\/2015<\/h2><div class=\"title-sep-container\"><div class=\"title-sep sep-double\"><\/div><\/div><\/div><p>\u00dcber den Reiz des Barockreitens, das Trunnenmoor, die historische St. Petri-Kirche und \u00fcber Geocaching in Burgwedel finden Sie Berichte in unserem Magazin vom November 2015. Begleiten Sie uns auch zu einem Spaziergang durch den &#8222;Rahden&#8220;, das sch\u00f6ne Waldgebiet zwischen Kleinburgwedel und Wettmar. <a href=\"https:\/\/typisch-region-hannover.de\/index.php\/burgwedel\/typisch-burgwedel-13-11-2015\/\" target=\"_blank\" rel=\"noopener noreferrer\">Das komplette Magazin gibt es hier.<\/a><\/p>\n<div class=\"fusion-sep-clear\"><\/div><div class=\"fusion-separator fusion-full-width-sep sep-none\" style=\"border-color:#e0dede;margin-left: auto;margin-right: auto;margin-top:px;margin-bottom:40px;\"><\/div><div class=\"fusion-sep-clear\"><\/div><div class=\"fusion-separator fusion-full-width-sep sep-single\" style=\"border-color:#5a8727;border-top-width:1px;margin-left: auto;margin-right: auto;margin-top:15px;margin-bottom:25px;\"><\/div><span class=\"fusion-imageframe imageframe-none imageframe-74 hover-type-none\"> <img alt=\"\" src=\"https:\/\/typisch-region-hannover.de\/wp-content\/uploads\/2016\/01\/GarmshausFuhrberg.jpg\" class=\"img-responsive\"\/><\/span><div class=\"fusion-sep-clear\"><\/div><div class=\"fusion-separator fusion-full-width-sep sep-none\" style=\"border-color:#e0dede;margin-left: auto;margin-right: auto;margin-top:px;margin-bottom:10px;\"><\/div><div class=\"fusion-title title fusion-title-size-two\" style=\"margin-bottom:10;\"><h2 class=\"title-heading-left\">MAGAZIN Nr. 1\/2015<\/h2><div class=\"title-sep-container\"><div class=\"title-sep sep-double\"><\/div><\/div><\/div><p>Was ist &#8222;typisch Burgwedel&#8220;? Statistische Daten zum Leben der Burgwedeler zeigen: Das Leben in der Stadt und den Ortsteilen ist privilegiert. Neben einer detaillierten Auswertung des Zensus finden Sie Geschichten \u00fcber Schafzucht, eine alte Thingst\u00e4tte im Wald, \u00fcber die Burgwedeler G\u00e4stef\u00fchrerinen, das historische Fuhrberg und \u00fcber den Angelsee in Th\u00f6nse. <a href=\"https:\/\/typisch-region-hannover.de\/index.php\/burgwedel\/typisch-burgwedel-10-7-2015\/\" target=\"_blank\" rel=\"noopener noreferrer\">Das komplette Magazin gibt es hier.<\/a><\/p>\n<div class=\"fusion-clearfix\"><\/div><\/div><\/div><div class=\"fusion-one-third one_third fusion-layout-column fusion-column-last fusion-spacing-yes\" style=\"margin-top:0px;margin-bottom:20px;\"><div class=\"fusion-column-wrapper\" style=\"background-color:#9ad66f;padding:15px;\"><div class=\"fusion-title title fusion-title-size-three\"><h3 class=\"title-heading-left\">RUNDUM INFORMIERT \u00fcber Burgwedel<\/h3><div class=\"title-sep-container\"><div class=\"title-sep sep-double\"><\/div><\/div><\/div><span class=\"fusion-imageframe imageframe-none imageframe-75 hover-type-none fusion-animated\" data-animationType=\"flash\" data-animationDuration=\"0.1\"><a class=\"fusion-no-lightbox\" href=\"http:\/\/www.haz.de\/Hannover\/Aus-der-Region\/Burgwedel\" target=\"_blank\"> <img alt=\"\" src=\"https:\/\/typisch-region-hannover.de\/wp-content\/uploads\/2016\/01\/HAZNPklein.jpg\" class=\"img-responsive\"\/><\/a><\/span><div class=\"fusion-sep-clear\"><\/div><div class=\"fusion-separator fusion-full-width-sep sep-none\" style=\"border-color:#e0dede;margin-left: auto;margin-right: auto;margin-top:10px;margin-bottom:10px;\"><\/div><p>Aktuelle Informationen aus Ihrer Tageszeitung &#8211; die Meldungen der Nordhannoverschen Zeitung geben Auskunft \u00fcber alles, was in Burgwedel geschieht.<\/p>\n<div class=\"fusion-sep-clear\"><\/div><div class=\"fusion-separator fusion-full-width-sep sep-single\" style=\"border-color:#42661f;border-top-width:1px;margin-left: auto;margin-right: auto;margin-top:10px;margin-bottom:10px;\"><\/div><span class=\"fusion-imageframe imageframe-none imageframe-76 hover-type-none\"><a class=\"fusion-no-lightbox\" href=\"http:\/\/www.haz.de\/Hannover\/Aus-der-Stadt\/Fotoserie-Region\/Besuch-in-Burgwedel#p1\" target=\"_blank\"> <img alt=\"\" src=\"https:\/\/typisch-region-hannover.de\/wp-content\/uploads\/2016\/01\/KircheWettmar.jpg\" class=\"img-responsive\"\/><\/a><\/span><div class=\"fusion-sep-clear\"><\/div><div class=\"fusion-separator fusion-full-width-sep sep-none\" style=\"border-color:#e0dede;margin-left: auto;margin-right: auto;margin-top:10px;margin-bottom:10px;\"><\/div><p>F\u00fcr einen fotografischen Bilderbogen aus Burgwedel einfach auf das Foto klicken!<\/p>\n<div class=\"fusion-sep-clear\"><\/div><div class=\"fusion-separator fusion-full-width-sep sep-single\" style=\"border-color:#42661f;border-top-width:1px;margin-left: auto;margin-right: auto;margin-top:10px;margin-bottom:15px;\"><\/div><span class=\"fusion-imageframe imageframe-none imageframe-77 hover-type-none\"><a class=\"fusion-no-lightbox\" href=\"http:\/\/www.marktspiegel-verlag.de\/burgwedel\/\" target=\"_blank\"> <img alt=\"\" src=\"https:\/\/typisch-region-hannover.de\/wp-content\/uploads\/2016\/01\/Marktspiegel-Logo.jpg\" class=\"img-responsive\"\/><\/a><\/span><div class=\"fusion-sep-clear\"><\/div><div class=\"fusion-separator fusion-full-width-sep sep-none\" style=\"border-color:#e0dede;margin-left: auto;margin-right: auto;margin-top:10px;margin-bottom:10px;\"><\/div><p>Der Marktspiegel ist die sympathische Wochenzeitung in Burgwedel und informiert die Bev\u00f6lkerung aktuell &#8211; nat\u00fcrlich auch online.<\/p>\n<div class=\"fusion-sep-clear\"><\/div><div class=\"fusion-separator fusion-full-width-sep sep-single\" style=\"border-color:#42661f;border-top-width:1px;margin-left: auto;margin-right: auto;margin-top:10px;margin-bottom:15px;\"><\/div><span class=\"fusion-imageframe imageframe-none imageframe-78 hover-type-none\"><a class=\"fusion-no-lightbox\" href=\"http:\/\/www.myheimat.de\/niedersachsen\/burgwedel\/\" target=\"_blank\"> <img alt=\"\" src=\"https:\/\/typisch-region-hannover.de\/wp-content\/uploads\/2016\/01\/myHeimat-Logo.jpg\" class=\"img-responsive\"\/><\/a><\/span><div class=\"fusion-sep-clear\"><\/div><div class=\"fusion-separator fusion-full-width-sep sep-none\" style=\"border-color:#e0dede;margin-left: auto;margin-right: auto;margin-top:10px;margin-bottom:10px;\"><\/div><p>B\u00fcrgerreporter berichten aus Ihrer Stadt: Vereine teilen ihre aktuellen Informationen, engagierte Burgwedeler und Burgwedelerinnen zeigen Bilder mit ihrer Sicht auf Landschaft und Menschen. Eine wahre Fundgrube von Informationen aus ganz pers\u00f6nlicher Sicht der Bev\u00f6lkerung.<\/p>\n<div class=\"fusion-sep-clear\"><\/div><div class=\"fusion-separator fusion-full-width-sep sep-single\" style=\"border-color:#42661f;border-top-width:1px;margin-left: auto;margin-right: auto;margin-top:10px;margin-bottom:15px;\"><\/div><span class=\"fusion-imageframe imageframe-none imageframe-79 hover-type-none\"><a class=\"fusion-no-lightbox\" href=\"http:\/\/hannover.sportbuzzer.de\/suche?q=Burgwedel\" target=\"_blank\"> <img alt=\"\" src=\"https:\/\/typisch-region-hannover.de\/wp-content\/uploads\/2016\/01\/Sportbuzzer.png\" class=\"img-responsive\"\/><\/a><\/span><div class=\"fusion-sep-clear\"><\/div><div class=\"fusion-separator fusion-full-width-sep sep-none\" style=\"border-color:#e0dede;margin-left: auto;margin-right: auto;margin-top:10px;margin-bottom:10px;\"><\/div><p>Burgwedel von seiner sportlichen Seite: Auf dem Portal Sportbuzzer.de gibt es vor allem Berichte aus dem Burgwedeler Fu\u00dfball &#8211; f\u00fcr alle Sportfans, die immer wissen m\u00f6chten, wo ihr Heimatverein steht.<\/p>\n<div class=\"fusion-clearfix\"><\/div><\/div><\/div><div class=\"fusion-clearfix\"><\/div>\n","protected":false},"excerpt":{"rendered":"","protected":false},"author":1,"featured_media":0,"parent":0,"menu_order":0,"comment_status":"closed","ping_status":"closed","template":"","meta":[],"yoast_head":"<!-- This site is optimized with the Yoast SEO plugin v19.10 - https:\/\/yoast.com\/wordpress\/plugins\/seo\/ -->\n<title>Burgwedel - Typisch Region Hannover<\/title>\n<meta name=\"description\" content=\"Burgwedel, die sch\u00f6ne Stadt im Nordosten der Region, bietet Landschaft, Kultur und Lebensqualit\u00e4t. Unsere Magazine stellen die Kommune vor.\" \/>\n<meta name=\"robots\" content=\"index, follow, max-snippet:-1, max-image-preview:large, max-video-preview:-1\" \/>\n<link rel=\"canonical\" href=\"https:\/\/typisch-region-hannover.de\/index.php\/burgwedel\/\" \/>\n<meta property=\"og:locale\" content=\"de_DE\" \/>\n<meta property=\"og:type\" content=\"article\" \/>\n<meta property=\"og:title\" content=\"Burgwedel - Typisch Region Hannover\" \/>\n<meta property=\"og:description\" content=\"Burgwedel, die sch\u00f6ne Stadt im Nordosten der Region, bietet Landschaft, Kultur und Lebensqualit\u00e4t. Unsere Magazine stellen die Kommune vor.\" \/>\n<meta property=\"og:url\" content=\"https:\/\/typisch-region-hannover.de\/index.php\/burgwedel\/\" \/>\n<meta property=\"og:site_name\" content=\"Typisch Region Hannover\" \/>\n<meta property=\"article:publisher\" content=\"https:\/\/www.facebook.com\/typischregionhannover\/\" \/>\n<meta property=\"article:modified_time\" content=\"2024-11-25T23:38:16+00:00\" \/>\n<meta property=\"og:image\" content=\"https:\/\/typisch-region-hannover.de\/wp-content\/uploads\/2024\/10\/Burgwedel37-01a.jpg\" \/>\n<meta name=\"twitter:card\" content=\"summary_large_image\" \/>\n<meta name=\"twitter:label1\" content=\"Gesch\u00e4tzte Lesezeit\" \/>\n\t<meta name=\"twitter:data1\" content=\"45\u00a0Minuten\" \/>\n<script type=\"application\/ld+json\" class=\"yoast-schema-graph\">{\"@context\":\"https:\/\/schema.org\",\"@graph\":[{\"@type\":\"WebPage\",\"@id\":\"https:\/\/typisch-region-hannover.de\/index.php\/burgwedel\/\",\"url\":\"https:\/\/typisch-region-hannover.de\/index.php\/burgwedel\/\",\"name\":\"Burgwedel - Typisch Region Hannover\",\"isPartOf\":{\"@id\":\"https:\/\/typisch-region-hannover.de\/#website\"},\"datePublished\":\"2016-01-04T23:40:59+00:00\",\"dateModified\":\"2024-11-25T23:38:16+00:00\",\"description\":\"Burgwedel, die sch\u00f6ne Stadt im Nordosten der Region, bietet Landschaft, Kultur und Lebensqualit\u00e4t. Unsere Magazine stellen die Kommune vor.\",\"breadcrumb\":{\"@id\":\"https:\/\/typisch-region-hannover.de\/index.php\/burgwedel\/#breadcrumb\"},\"inLanguage\":\"de\",\"potentialAction\":[{\"@type\":\"ReadAction\",\"target\":[\"https:\/\/typisch-region-hannover.de\/index.php\/burgwedel\/\"]}]},{\"@type\":\"BreadcrumbList\",\"@id\":\"https:\/\/typisch-region-hannover.de\/index.php\/burgwedel\/#breadcrumb\",\"itemListElement\":[{\"@type\":\"ListItem\",\"position\":1,\"name\":\"Home\",\"item\":\"https:\/\/typisch-region-hannover.de\/\"},{\"@type\":\"ListItem\",\"position\":2,\"name\":\"Burgwedel\"}]},{\"@type\":\"WebSite\",\"@id\":\"https:\/\/typisch-region-hannover.de\/#website\",\"url\":\"https:\/\/typisch-region-hannover.de\/\",\"name\":\"Typisch Region Hannover\",\"description\":\"Wissenswertes aus unserer Region\",\"potentialAction\":[{\"@type\":\"SearchAction\",\"target\":{\"@type\":\"EntryPoint\",\"urlTemplate\":\"https:\/\/typisch-region-hannover.de\/?s={search_term_string}\"},\"query-input\":\"required name=search_term_string\"}],\"inLanguage\":\"de\"}]}<\/script>\n<!-- \/ Yoast SEO plugin. -->","yoast_head_json":{"title":"Burgwedel - Typisch Region Hannover","description":"Burgwedel, die sch\u00f6ne Stadt im Nordosten der Region, bietet Landschaft, Kultur und Lebensqualit\u00e4t. Unsere Magazine stellen die Kommune vor.","robots":{"index":"index","follow":"follow","max-snippet":"max-snippet:-1","max-image-preview":"max-image-preview:large","max-video-preview":"max-video-preview:-1"},"canonical":"https:\/\/typisch-region-hannover.de\/index.php\/burgwedel\/","og_locale":"de_DE","og_type":"article","og_title":"Burgwedel - Typisch Region Hannover","og_description":"Burgwedel, die sch\u00f6ne Stadt im Nordosten der Region, bietet Landschaft, Kultur und Lebensqualit\u00e4t. Unsere Magazine stellen die Kommune vor.","og_url":"https:\/\/typisch-region-hannover.de\/index.php\/burgwedel\/","og_site_name":"Typisch Region Hannover","article_publisher":"https:\/\/www.facebook.com\/typischregionhannover\/","article_modified_time":"2024-11-25T23:38:16+00:00","og_image":[{"url":"https:\/\/typisch-region-hannover.de\/wp-content\/uploads\/2024\/10\/Burgwedel37-01a.jpg"}],"twitter_card":"summary_large_image","twitter_misc":{"Gesch\u00e4tzte Lesezeit":"45\u00a0Minuten"},"schema":{"@context":"https:\/\/schema.org","@graph":[{"@type":"WebPage","@id":"https:\/\/typisch-region-hannover.de\/index.php\/burgwedel\/","url":"https:\/\/typisch-region-hannover.de\/index.php\/burgwedel\/","name":"Burgwedel - Typisch Region Hannover","isPartOf":{"@id":"https:\/\/typisch-region-hannover.de\/#website"},"datePublished":"2016-01-04T23:40:59+00:00","dateModified":"2024-11-25T23:38:16+00:00","description":"Burgwedel, die sch\u00f6ne Stadt im Nordosten der Region, bietet Landschaft, Kultur und Lebensqualit\u00e4t. Unsere Magazine stellen die Kommune vor.","breadcrumb":{"@id":"https:\/\/typisch-region-hannover.de\/index.php\/burgwedel\/#breadcrumb"},"inLanguage":"de","potentialAction":[{"@type":"ReadAction","target":["https:\/\/typisch-region-hannover.de\/index.php\/burgwedel\/"]}]},{"@type":"BreadcrumbList","@id":"https:\/\/typisch-region-hannover.de\/index.php\/burgwedel\/#breadcrumb","itemListElement":[{"@type":"ListItem","position":1,"name":"Home","item":"https:\/\/typisch-region-hannover.de\/"},{"@type":"ListItem","position":2,"name":"Burgwedel"}]},{"@type":"WebSite","@id":"https:\/\/typisch-region-hannover.de\/#website","url":"https:\/\/typisch-region-hannover.de\/","name":"Typisch Region Hannover","description":"Wissenswertes aus unserer Region","potentialAction":[{"@type":"SearchAction","target":{"@type":"EntryPoint","urlTemplate":"https:\/\/typisch-region-hannover.de\/?s={search_term_string}"},"query-input":"required name=search_term_string"}],"inLanguage":"de"}]}},"_links":{"self":[{"href":"https:\/\/typisch-region-hannover.de\/index.php\/wp-json\/wp\/v2\/pages\/11433"}],"collection":[{"href":"https:\/\/typisch-region-hannover.de\/index.php\/wp-json\/wp\/v2\/pages"}],"about":[{"href":"https:\/\/typisch-region-hannover.de\/index.php\/wp-json\/wp\/v2\/types\/page"}],"author":[{"embeddable":true,"href":"https:\/\/typisch-region-hannover.de\/index.php\/wp-json\/wp\/v2\/users\/1"}],"replies":[{"embeddable":true,"href":"https:\/\/typisch-region-hannover.de\/index.php\/wp-json\/wp\/v2\/comments?post=11433"}],"version-history":[{"count":16,"href":"https:\/\/typisch-region-hannover.de\/index.php\/wp-json\/wp\/v2\/pages\/11433\/revisions"}],"predecessor-version":[{"id":21939,"href":"https:\/\/typisch-region-hannover.de\/index.php\/wp-json\/wp\/v2\/pages\/11433\/revisions\/21939"}],"wp:attachment":[{"href":"https:\/\/typisch-region-hannover.de\/index.php\/wp-json\/wp\/v2\/media?parent=11433"}],"curies":[{"name":"wp","href":"https:\/\/api.w.org\/{rel}","templated":true}]}}